{"id":141,"date":"2023-07-19T11:45:02","date_gmt":"2023-07-19T11:45:02","guid":{"rendered":"https:\/\/ensemblewieczorek.at\/?page_id=141"},"modified":"2025-12-15T12:20:06","modified_gmt":"2025-12-15T12:20:06","slug":"berichte","status":"publish","type":"page","link":"https:\/\/ensemblewieczorek.at\/?page_id=141","title":{"rendered":"Berichte"},"content":{"rendered":"\t\t<div data-elementor-type=\"wp-page\" data-elementor-id=\"141\" class=\"elementor elementor-141\">\n\t\t\t\t\t\t<section class=\"elementor-section elementor-top-section elementor-element elementor-element-9e534bc elementor-section-boxed elementor-section-height-default elementor-section-height-default\" data-id=\"9e534bc\" data-element_type=\"section\" data-e-type=\"section\">\n\t\t\t\t\t\t<div class=\"elementor-container elementor-column-gap-default\">\n\t\t\t\t\t<div class=\"elementor-column elementor-col-100 elementor-top-column elementor-element elementor-element-27049f6\" data-id=\"27049f6\" data-element_type=\"column\" data-e-type=\"column\">\n\t\t\t<div class=\"elementor-widget-wrap elementor-element-populated\">\n\t\t\t\t\t\t<div class=\"elementor-element elementor-element-9cd3205 elementor-widget elementor-widget-heading\" data-id=\"9cd3205\" data-element_type=\"widget\" data-e-type=\"widget\" data-widget_type=\"heading.default\">\n\t\t\t\t<div class=\"elementor-widget-container\">\n\t\t\t\t\t<h2 class=\"elementor-heading-title elementor-size-default\">Berichte, Chronik, Presse<\/h2>\t\t\t\t<\/div>\n\t\t\t\t<\/div>\n\t\t\t\t<div class=\"elementor-element elementor-element-420c6a7 elementor-widget elementor-widget-spacer\" data-id=\"420c6a7\" data-element_type=\"widget\" data-e-type=\"widget\" data-widget_type=\"spacer.default\">\n\t\t\t\t<div class=\"elementor-widget-container\">\n\t\t\t\t\t\t\t<div class=\"elementor-spacer\">\n\t\t\t<div class=\"elementor-spacer-inner\"><\/div>\n\t\t<\/div>\n\t\t\t\t\t\t<\/div>\n\t\t\t\t<\/div>\n\t\t\t\t<div class=\"elementor-element elementor-element-6f975b9 elementor-widget-divider--view-line elementor-widget elementor-widget-divider\" data-id=\"6f975b9\" data-element_type=\"widget\" data-e-type=\"widget\" data-widget_type=\"divider.default\">\n\t\t\t\t<div class=\"elementor-widget-container\">\n\t\t\t\t\t\t\t<div class=\"elementor-divider\">\n\t\t\t<span class=\"elementor-divider-separator\">\n\t\t\t\t\t\t<\/span>\n\t\t<\/div>\n\t\t\t\t\t\t<\/div>\n\t\t\t\t<\/div>\n\t\t\t\t\t<\/div>\n\t\t<\/div>\n\t\t\t\t\t<\/div>\n\t\t<\/section>\n\t\t\t\t<section class=\"elementor-section elementor-top-section elementor-element elementor-element-7346972 elementor-section-boxed elementor-section-height-default elementor-section-height-default\" data-id=\"7346972\" data-element_type=\"section\" data-e-type=\"section\">\n\t\t\t\t\t\t<div class=\"elementor-container elementor-column-gap-default\">\n\t\t\t\t\t<div class=\"elementor-column elementor-col-100 elementor-top-column elementor-element elementor-element-f0f3ef5\" data-id=\"f0f3ef5\" data-element_type=\"column\" data-e-type=\"column\">\n\t\t\t<div class=\"elementor-widget-wrap elementor-element-populated\">\n\t\t\t\t\t\t<div class=\"elementor-element elementor-element-6ab2ed8 elementor-widget__width-initial elementor-widget elementor-widget-image\" data-id=\"6ab2ed8\" data-element_type=\"widget\" data-e-type=\"widget\" data-widget_type=\"image.default\">\n\t\t\t\t<div class=\"elementor-widget-container\">\n\t\t\t\t\t\t\t\t\t\t\t\t\t\t\t<img fetchpriority=\"high\" decoding=\"async\" width=\"800\" height=\"285\" src=\"https:\/\/ensemblewieczorek.at\/wp-content\/uploads\/2025\/12\/Bildschirmfoto-2025-12-15-um-13.15.37-1024x365.png\" class=\"attachment-large size-large wp-image-1068\" alt=\"\" srcset=\"https:\/\/ensemblewieczorek.at\/wp-content\/uploads\/2025\/12\/Bildschirmfoto-2025-12-15-um-13.15.37-1024x365.png 1024w, https:\/\/ensemblewieczorek.at\/wp-content\/uploads\/2025\/12\/Bildschirmfoto-2025-12-15-um-13.15.37-300x107.png 300w, https:\/\/ensemblewieczorek.at\/wp-content\/uploads\/2025\/12\/Bildschirmfoto-2025-12-15-um-13.15.37-768x274.png 768w, https:\/\/ensemblewieczorek.at\/wp-content\/uploads\/2025\/12\/Bildschirmfoto-2025-12-15-um-13.15.37-1536x548.png 1536w, https:\/\/ensemblewieczorek.at\/wp-content\/uploads\/2025\/12\/Bildschirmfoto-2025-12-15-um-13.15.37.png 1980w\" sizes=\"(max-width: 800px) 100vw, 800px\" \/>\t\t\t\t\t\t\t\t\t\t\t\t\t\t\t<\/div>\n\t\t\t\t<\/div>\n\t\t\t\t<div class=\"elementor-element elementor-element-3a87ab6 elementor-widget elementor-widget-image\" data-id=\"3a87ab6\" data-element_type=\"widget\" data-e-type=\"widget\" data-widget_type=\"image.default\">\n\t\t\t\t<div class=\"elementor-widget-container\">\n\t\t\t\t\t\t\t\t\t\t\t\t\t\t\t<img decoding=\"async\" width=\"800\" height=\"262\" src=\"https:\/\/ensemblewieczorek.at\/wp-content\/uploads\/2025\/12\/Bildschirmfoto-2025-12-15-um-13.08.52-1024x335.png\" class=\"attachment-large size-large wp-image-1066\" alt=\"\" srcset=\"https:\/\/ensemblewieczorek.at\/wp-content\/uploads\/2025\/12\/Bildschirmfoto-2025-12-15-um-13.08.52-1024x335.png 1024w, https:\/\/ensemblewieczorek.at\/wp-content\/uploads\/2025\/12\/Bildschirmfoto-2025-12-15-um-13.08.52-300x98.png 300w, https:\/\/ensemblewieczorek.at\/wp-content\/uploads\/2025\/12\/Bildschirmfoto-2025-12-15-um-13.08.52-768x251.png 768w, https:\/\/ensemblewieczorek.at\/wp-content\/uploads\/2025\/12\/Bildschirmfoto-2025-12-15-um-13.08.52-1536x502.png 1536w, https:\/\/ensemblewieczorek.at\/wp-content\/uploads\/2025\/12\/Bildschirmfoto-2025-12-15-um-13.08.52.png 1976w\" sizes=\"(max-width: 800px) 100vw, 800px\" \/>\t\t\t\t\t\t\t\t\t\t\t\t\t\t\t<\/div>\n\t\t\t\t<\/div>\n\t\t\t\t<div class=\"elementor-element elementor-element-5139805 elementor-widget elementor-widget-image\" data-id=\"5139805\" data-element_type=\"widget\" data-e-type=\"widget\" data-widget_type=\"image.default\">\n\t\t\t\t<div class=\"elementor-widget-container\">\n\t\t\t\t\t\t\t\t\t\t\t\t\t\t\t<img decoding=\"async\" width=\"384\" height=\"124\" src=\"https:\/\/ensemblewieczorek.at\/wp-content\/uploads\/2025\/12\/Bildschirmfoto-2025-12-11-um-11.51.35.png\" class=\"attachment-large size-large wp-image-1020\" alt=\"\" srcset=\"https:\/\/ensemblewieczorek.at\/wp-content\/uploads\/2025\/12\/Bildschirmfoto-2025-12-11-um-11.51.35.png 384w, https:\/\/ensemblewieczorek.at\/wp-content\/uploads\/2025\/12\/Bildschirmfoto-2025-12-11-um-11.51.35-300x97.png 300w\" sizes=\"(max-width: 384px) 100vw, 384px\" \/>\t\t\t\t\t\t\t\t\t\t\t\t\t\t\t<\/div>\n\t\t\t\t<\/div>\n\t\t\t\t<div class=\"elementor-element elementor-element-7ba7a3a elementor-widget-divider--view-line elementor-widget elementor-widget-divider\" data-id=\"7ba7a3a\" data-element_type=\"widget\" data-e-type=\"widget\" data-widget_type=\"divider.default\">\n\t\t\t\t<div class=\"elementor-widget-container\">\n\t\t\t\t\t\t\t<div class=\"elementor-divider\">\n\t\t\t<span class=\"elementor-divider-separator\">\n\t\t\t\t\t\t<\/span>\n\t\t<\/div>\n\t\t\t\t\t\t<\/div>\n\t\t\t\t<\/div>\n\t\t\t\t\t<\/div>\n\t\t<\/div>\n\t\t\t\t\t<\/div>\n\t\t<\/section>\n\t\t\t\t<section class=\"elementor-section elementor-top-section elementor-element elementor-element-0528687 elementor-section-content-top elementor-section-boxed elementor-section-height-default elementor-section-height-default\" data-id=\"0528687\" data-element_type=\"section\" data-e-type=\"section\">\n\t\t\t\t\t\t<div class=\"elementor-container elementor-column-gap-default\">\n\t\t\t\t\t<div class=\"elementor-column elementor-col-100 elementor-top-column elementor-element elementor-element-5088738\" data-id=\"5088738\" data-element_type=\"column\" data-e-type=\"column\">\n\t\t\t<div class=\"elementor-widget-wrap elementor-element-populated\">\n\t\t\t\t\t\t<div class=\"elementor-element elementor-element-4d9b94b elementor-widget__width-initial elementor-widget elementor-widget-image\" data-id=\"4d9b94b\" data-element_type=\"widget\" data-e-type=\"widget\" data-widget_type=\"image.default\">\n\t\t\t\t<div class=\"elementor-widget-container\">\n\t\t\t\t\t\t\t\t\t\t\t\t\t\t\t<img decoding=\"async\" width=\"384\" height=\"124\" src=\"https:\/\/ensemblewieczorek.at\/wp-content\/uploads\/2025\/12\/Bildschirmfoto-2025-12-11-um-11.51.35.png\" class=\"attachment-large size-large wp-image-1020\" alt=\"\" srcset=\"https:\/\/ensemblewieczorek.at\/wp-content\/uploads\/2025\/12\/Bildschirmfoto-2025-12-11-um-11.51.35.png 384w, https:\/\/ensemblewieczorek.at\/wp-content\/uploads\/2025\/12\/Bildschirmfoto-2025-12-11-um-11.51.35-300x97.png 300w\" sizes=\"(max-width: 384px) 100vw, 384px\" \/>\t\t\t\t\t\t\t\t\t\t\t\t\t\t\t<\/div>\n\t\t\t\t<\/div>\n\t\t\t\t<div class=\"elementor-element elementor-element-9ad04b8 elementor-widget elementor-widget-text-editor\" data-id=\"9ad04b8\" data-element_type=\"widget\" data-e-type=\"widget\" data-widget_type=\"text-editor.default\">\n\t\t\t\t<div class=\"elementor-widget-container\">\n\t\t\t\t\t\t\t\t\t<div class=\"article-body-text\"><section class=\"textsection\"><div id=\"paywall-locked-premium-content\"><section class=\"textsection\"><div id=\"gallery-container-498060844-790bvedpcfokl298\" class=\"gallery-container gallery-container--mobile no-print\"><div class=\"gallery\"><div class=\"gallery-image-data\"><div><div class=\"article-lead article-lead-text\"><span class=\"article-lead-text__first-letter\"><strong>S<\/strong><\/span>eine Musikerkollegen bleiben mit Franz Wieczorek verbunden. Dies wurde im Konzert im Stadtsaal deutlich vor Augen gef\u00fchrt<\/div><div class=\"article-body-text\"><section class=\"textsection\">Zu einer musikalischen Hommage an den im J\u00e4nner dieses Jahres verstorbenen Franz Wieczorek luden die Mitglieder des \u201eEnsemble Wieczorek\u201c am 15. November in den Stadtsaal. Roman Honauer regte dies anl\u00e4sslich eines Requiems an, das die Musiker dem Verstorbenen in der Pfarrkirche widmeten. Unterst\u00fctzt wurden die Musiker vom Waldviertler Schrammeltrio, Helmut Hutter sorgte f\u00fcr Gesangseinlagen und die Moderation.<div id=\"paywall-locked-premium-content\"><section class=\"textsection\"><div id=\"piano-inline-banner\">\u00a0<\/div><p>Das Ensemble Wieczorek wurde 1973 gegr\u00fcndet und stellte die Konzertt\u00e4tigkeit und intensive Probenarbeit vor zehn Jahren ein. Zwei Landes- und ein Bundessieg sowie h\u00f6chste Auszeichnungen bei internationalen Wettbewerben legen ein eindrucksvolles Zeugnis von der musikalischen und technischen Qualit\u00e4t des Ensembles ab, das in \u00fcber 250 \u00f6ffentlichen Auftritten die Zuh\u00f6rer von der Vielseitigkeit des Instruments \u00fcberzeugen konnte. 2001 wurde es in Innsbruck zum besten Akkordeon-Ensemble \u00d6sterreichs gew\u00e4hlt.<\/p><div id=\"poskvn7vfkut1hf6ir3\" class=\"box col-4 bannerlist-ad\"><div id=\"moca-for-bannerliste_2\" class=\"additionAd moca-adslot moca-uninitialized\"><div id=\"moca-2000241\" data-position=\"bannerliste_2\" data-fallback-collection-id=\"0\" data-exclude-ids=\"0\" data-fallback-url=\"0\" data-script=\"https:\/\/mocafirst.at\/?id=1000007_2000241\">\u00a0<\/div><\/div><\/div><h2 class=\"subheadline\">Gro\u00dfartige Leistung, auch nach zehn Jahren Pause<\/h2><p>Von dieser Qualit\u00e4t haben die Musiker auch trotz zehnj\u00e4hriger Pause nichts eingeb\u00fc\u00dft. Nach einem intensiven, gemeinsamen Probenwochenende boten sie mit der \u201eOuverture in D\u201c von Rudolf W\u00fcrthner, einem \u201eTango pour Pia Zolla\u201c von Gottfried Hummel, dem \u201eUngarischen Tanz Nr. 5\u201c von Johannes Brahms oder dem \u201eWalzer d-Moll\u201c von Dmitri Schostakowitsch ein Feuerwerk an hochkar\u00e4tigen St\u00fccken der Akkordeonliteratur, was sich in Standing Ovations beim Schlussapplaus niederschlug. Besonders erfreulich: Drei der Gr\u00fcndungsmitglieder sa\u00dfen auch im Stadtsaal noch im Orchester: Bernhard Rotter, Rosalinde Steinberger und Monika \u00d6hlknecht.<\/p><div id=\"posqhe2ftcthse865la\" class=\"box col-4 bannerlist-ad\"><div id=\"moca-for-bannerliste_3\" class=\"additionAd moca-adslot moca-uninitialized\"><div id=\"moca-2000427\" data-position=\"bannerliste_3\" data-fallback-collection-id=\"0\" data-exclude-ids=\"0\" data-fallback-url=\"0\" data-script=\"https:\/\/mocafirst.at\/?id=1000007_2000427\">Seit den 2000er-Jahren hatte Franz Wieczorek auch engen Kontakt zum Wienerlied und zur Schrammelmusik. Um klanglich perfekt zur Wiener Musik zu passen, lie\u00df er sich eigens daf\u00fcr ein Akkordeon anfertigen, um in unterschiedlichen Besetzungen mit den \u201eSchrammeln\u201c aufzutreten.<\/div><\/div><\/div><h2 class=\"subheadline\">Mit dem Schrammeltrio ging es ins Tr\u00f6pferlbad<\/h2><p>F\u00fcr das \u201eIn Memoriam-Konzert\u201c geigte das \u201eWaldviertler Schrammeltrio\u201c in der Besetzung Roman Honauer (Geige), Hermann Binder (Kontragitarre, Gesang) und Friedrich K\u00f6nig (er wurde vom Akkordeonensemble ausgeliehen und verst\u00e4rkte das Team an der Wiener Knopfharmonika) auf. Humorvoll f\u00fchrte Helmut Hutter durch das Programm und sorgte auch mit den Liedern vom \u201eTr\u00f6pferlbad\u201c, vom \u201eRingelspiel\u201c oder als \u201esch\u00f6nster Mann von Wien\u201c f\u00fcr Stimmung.<\/p><p>Mit zwei Zugaben und einem \u201eSag beim Abschied, leise Servus\u201c, dem sich auch das Publikum gesanglich anschloss, endete das Konzert in memorian an einem Mann, der das musikalische Leben der Stadt Waidhofen und der gesamten Region ma\u00dfgeblich gepr\u00e4gt hat: Franz Wieczorek.<\/p><div id=\"gallery-container-498060844-790bvedpcfokl298\" class=\"gallery-container gallery-container--mobile no-print\"><div class=\"gallery\"><div id=\"fullscreen-498060844-790bvedpcfokl298\" class=\"button button-fullscreen icon-resize-full-alt\">\u00a0<\/div><div id=\"slider-498060844-790bvedpcfokl298\" class=\"image-slider\"><div><div class=\"slide-wrapper\"><img decoding=\"async\" class=\"slider-image loaded\" src=\"https:\/\/www.noen.at\/image\/768x432-jpg-noen\/6125240\/img-HWFYtLdcRhHN3E5E.jpeg\" alt=\"Bild wird geladen\" data-src-fullscreen=\"https:\/\/www.noen.at\/image\/1920x1080-jpg-noen\/6125240\/img-HWFYtLdcRhHN3E5E.jpeg\" data-slide-id=\"498060844-790bvedpcfokl298-0\" data-image-number=\"0\" data-teaser-member=\"image\" \/><\/div><div class=\"slide-wrapper\"><img decoding=\"async\" class=\"slider-image loaded\" src=\"https:\/\/www.noen.at\/image\/768x432-jpg-noen\/6125241\/img-miyE5oVVbbj9cVTe.jpeg\" alt=\"Bild wird geladen\" data-src-fullscreen=\"https:\/\/www.noen.at\/image\/1920x1080-jpg-noen\/6125241\/img-miyE5oVVbbj9cVTe.jpeg\" data-slide-id=\"498060844-790bvedpcfokl298-1\" data-image-number=\"1\" data-teaser-member=\"image\" \/><\/div><div class=\"slide-wrapper\"><img decoding=\"async\" class=\"slider-image loaded\" src=\"https:\/\/www.noen.at\/image\/768x432-jpg-noen\/6125242\/img-xhfRR7ampio2I5c2.jpeg\" alt=\"Bild wird geladen\" data-src-fullscreen=\"https:\/\/www.noen.at\/image\/1920x1080-jpg-noen\/6125242\/img-xhfRR7ampio2I5c2.jpeg\" data-slide-id=\"498060844-790bvedpcfokl298-2\" data-image-number=\"2\" data-teaser-member=\"image\" \/><\/div><div class=\"slide-wrapper\"><img decoding=\"async\" class=\"slider-image loaded\" src=\"https:\/\/www.noen.at\/image\/768x432-jpg-noen\/6125243\/img-DZX5vqRvmwBC6k8O.jpeg\" alt=\"Bild wird geladen\" data-src-fullscreen=\"https:\/\/www.noen.at\/image\/1920x1080-jpg-noen\/6125243\/img-DZX5vqRvmwBC6k8O.jpeg\" data-slide-id=\"498060844-790bvedpcfokl298-3\" data-image-number=\"3\" data-teaser-member=\"image\" \/><\/div><div class=\"slide-wrapper\"><img decoding=\"async\" class=\"slider-image loaded\" src=\"https:\/\/www.noen.at\/image\/768x432-jpg-noen\/6125244\/img-uuEFS6QKCutdAt3j.jpeg\" alt=\"Bild wird geladen\" data-src-fullscreen=\"https:\/\/www.noen.at\/image\/1920x1080-jpg-noen\/6125244\/img-uuEFS6QKCutdAt3j.jpeg\" data-slide-id=\"498060844-790bvedpcfokl298-4\" data-image-number=\"4\" data-teaser-member=\"image\" \/><\/div><div class=\"slide-wrapper\"><img decoding=\"async\" class=\"slider-image loaded\" src=\"https:\/\/www.noen.at\/image\/768x432-jpg-noen\/6125245\/img-JV0QqgSWzMeikSep.jpeg\" alt=\"Bild wird geladen\" data-src-fullscreen=\"https:\/\/www.noen.at\/image\/1920x1080-jpg-noen\/6125245\/img-JV0QqgSWzMeikSep.jpeg\" data-slide-id=\"498060844-790bvedpcfokl298-5\" data-image-number=\"5\" data-teaser-member=\"image\" \/><\/div><div class=\"slide-wrapper\"><img decoding=\"async\" class=\"slider-image loaded\" src=\"https:\/\/www.noen.at\/image\/768x432-jpg-noen\/6125246\/img-61JpO40wXKKvAOlx.jpeg\" alt=\"Bild wird geladen\" data-src-fullscreen=\"https:\/\/www.noen.at\/image\/1920x1080-jpg-noen\/6125246\/img-61JpO40wXKKvAOlx.jpeg\" data-slide-id=\"498060844-790bvedpcfokl298-6\" data-image-number=\"6\" data-teaser-member=\"image\" \/><\/div><div class=\"slide-wrapper\"><img decoding=\"async\" class=\"slider-image loaded\" src=\"https:\/\/www.noen.at\/image\/768x432-jpg-noen\/6125247\/img-6x20JljAhIW4PdPK.jpeg\" alt=\"Bild wird geladen\" data-src-fullscreen=\"https:\/\/www.noen.at\/image\/1920x1080-jpg-noen\/6125247\/img-6x20JljAhIW4PdPK.jpeg\" data-slide-id=\"498060844-790bvedpcfokl298-7\" data-image-number=\"7\" data-teaser-member=\"image\" \/><\/div><div class=\"slide-wrapper\"><img decoding=\"async\" class=\"slider-image loaded\" src=\"https:\/\/www.noen.at\/image\/768x432-jpg-noen\/6125248\/img-BdWAWc0P1AyBEaDc.jpeg\" alt=\"Bild wird geladen\" data-src-fullscreen=\"https:\/\/www.noen.at\/image\/1920x1080-jpg-noen\/6125248\/img-BdWAWc0P1AyBEaDc.jpeg\" data-slide-id=\"498060844-790bvedpcfokl298-8\" data-image-number=\"8\" data-teaser-member=\"image\" \/><\/div><div class=\"slide-wrapper\"><img decoding=\"async\" class=\"slider-image loaded\" src=\"https:\/\/www.noen.at\/image\/768x432-jpg-noen\/6125249\/img-6mOUrBveClFNjE7h.jpeg\" alt=\"Bild wird geladen\" data-src-fullscreen=\"https:\/\/www.noen.at\/image\/1920x1080-jpg-noen\/6125249\/img-6mOUrBveClFNjE7h.jpeg\" data-slide-id=\"498060844-790bvedpcfokl298-9\" data-image-number=\"9\" data-teaser-member=\"image\" \/><\/div><div class=\"slide-wrapper\">\u00a0<\/div><\/div><\/div><div class=\"gallery-image-data\"><div class=\"gallery-image-data-left\"><div id=\"gallery-image-credit-498060844-790bvedpcfokl298\" class=\"gallery-image-credit\"><em><span class=\"credit-9\" data-image-number=\"9\"><span class=\"upper\">Fotos:<\/span>\u00a0Bernhard Wieczorek<\/span><\/em><\/div><div><em>Bericht: Edith Hofmann, N\u00d6N, 18.11.2025<\/em><\/div><\/div><\/div><\/div><\/div><\/section><\/div><\/section><\/div><\/div><\/div><\/div><\/div><\/section><\/div><\/section><\/div>\t\t\t\t\t\t\t\t<\/div>\n\t\t\t\t<\/div>\n\t\t\t\t<div class=\"elementor-element elementor-element-dc2f8e7 elementor-widget__width-initial elementor-widget elementor-widget-image\" data-id=\"dc2f8e7\" data-element_type=\"widget\" data-e-type=\"widget\" data-widget_type=\"image.default\">\n\t\t\t\t<div class=\"elementor-widget-container\">\n\t\t\t\t\t\t\t\t\t\t\t\t\t\t\t<img decoding=\"async\" width=\"384\" height=\"124\" src=\"https:\/\/ensemblewieczorek.at\/wp-content\/uploads\/2025\/12\/Bildschirmfoto-2025-12-11-um-11.51.35.png\" class=\"attachment-large size-large wp-image-1020\" alt=\"\" srcset=\"https:\/\/ensemblewieczorek.at\/wp-content\/uploads\/2025\/12\/Bildschirmfoto-2025-12-11-um-11.51.35.png 384w, https:\/\/ensemblewieczorek.at\/wp-content\/uploads\/2025\/12\/Bildschirmfoto-2025-12-11-um-11.51.35-300x97.png 300w\" sizes=\"(max-width: 384px) 100vw, 384px\" \/>\t\t\t\t\t\t\t\t\t\t\t\t\t\t\t<\/div>\n\t\t\t\t<\/div>\n\t\t\t\t\t<\/div>\n\t\t<\/div>\n\t\t\t\t\t<\/div>\n\t\t<\/section>\n\t\t\t\t<section class=\"elementor-section elementor-top-section elementor-element elementor-element-ccc28c9 elementor-section-boxed elementor-section-height-default elementor-section-height-default\" data-id=\"ccc28c9\" data-element_type=\"section\" data-e-type=\"section\">\n\t\t\t\t\t\t<div class=\"elementor-container elementor-column-gap-default\">\n\t\t\t\t\t<div class=\"elementor-column elementor-col-100 elementor-top-column elementor-element elementor-element-3ca60bb\" data-id=\"3ca60bb\" data-element_type=\"column\" data-e-type=\"column\">\n\t\t\t<div class=\"elementor-widget-wrap elementor-element-populated\">\n\t\t\t\t\t\t<div class=\"elementor-element elementor-element-924445d elementor-widget-divider--view-line elementor-widget elementor-widget-divider\" data-id=\"924445d\" data-element_type=\"widget\" data-e-type=\"widget\" data-widget_type=\"divider.default\">\n\t\t\t\t<div class=\"elementor-widget-container\">\n\t\t\t\t\t\t\t<div class=\"elementor-divider\">\n\t\t\t<span class=\"elementor-divider-separator\">\n\t\t\t\t\t\t<\/span>\n\t\t<\/div>\n\t\t\t\t\t\t<\/div>\n\t\t\t\t<\/div>\n\t\t\t\t<div class=\"elementor-element elementor-element-1b9a8d9 elementor-widget__width-initial elementor-widget elementor-widget-image\" data-id=\"1b9a8d9\" data-element_type=\"widget\" data-e-type=\"widget\" data-widget_type=\"image.default\">\n\t\t\t\t<div class=\"elementor-widget-container\">\n\t\t\t\t\t\t\t\t\t\t\t\t\t\t\t<img loading=\"lazy\" decoding=\"async\" width=\"300\" height=\"35\" src=\"https:\/\/ensemblewieczorek.at\/wp-content\/uploads\/2025\/12\/Bildschirmfoto-2025-12-11-um-11.51.00-300x35.png\" class=\"attachment-medium size-medium wp-image-1019\" alt=\"\" srcset=\"https:\/\/ensemblewieczorek.at\/wp-content\/uploads\/2025\/12\/Bildschirmfoto-2025-12-11-um-11.51.00-300x35.png 300w, https:\/\/ensemblewieczorek.at\/wp-content\/uploads\/2025\/12\/Bildschirmfoto-2025-12-11-um-11.51.00.png 694w\" sizes=\"(max-width: 300px) 100vw, 300px\" \/>\t\t\t\t\t\t\t\t\t\t\t\t\t\t\t<\/div>\n\t\t\t\t<\/div>\n\t\t\t\t<div class=\"elementor-element elementor-element-3f3a929 elementor-widget elementor-widget-text-editor\" data-id=\"3f3a929\" data-element_type=\"widget\" data-e-type=\"widget\" data-widget_type=\"text-editor.default\">\n\t\t\t\t<div class=\"elementor-widget-container\">\n\t\t\t\t\t\t\t\t\t<p><b>Am Samstag, 15. November fand im Stadtsaal in Waidhofen\/Thaya ein besonderes Konzert zum Gedenken an den Akkordeonisten Franz Wieczorek statt, der \u00fcber viele Jahre mit seinem Spiel und seiner Herzlichkeit das musikalische Leben der Region mitgepr\u00e4gt hat. <\/b><\/p><p>WAIDHOFEN\/THAYA. Vor vollbesetztem Stadtsaal gestalteten das Ensemble Wieczorek und Helmut Hutter und das Waldviertler Schrammeltrio einen abwechslungsreichen Abend, der durch hohe musikalische Qualit\u00e4t und sp\u00fcrbare Verbundenheit beeindruckte.<\/p><figure data-media-id=\"48387191\" data-aspect-ratio-small=\"aspect-ratio-native\" data-aspect-ratio-medium=\"aspect-ratio-native\" data-aspect-ratio-large=\"aspect-ratio-native\" data-media-type=\"article\"><div class=\"relative\" tabindex=\"0\" role=\"button\" data-aspect-ratio-container=\"\" data-open-photoswipe-galleryid=\"default\" data-open-photoswipe-pid=\"48387191\" data-trigger-click-on-space-or-enter=\"\" data-reference-selectable-image=\"\"><p><img decoding=\"async\" class=\"imagecontainer\" src=\"https:\/\/media04.meinbezirk.at\/article\/2025\/11\/18\/1\/48387191_L.webp?1763467941\" alt=\"Ensemble Wieczorek | Foto: Bernhard Wieczorek\" data-aspect-ratio=\"0.665289998\" data-object-position=\"47% 30%\" \/><\/p><div class=\"media-badge\"><p><em>Ensemble Wieczorek<\/em><\/p><\/div><\/div><\/figure><p>Helmut Hutter \u2013 der gekonnt und humorvoll durch das Programm f\u00fchrte \u2013 interpretierte einf\u00fchlsam und heiter Wiener Lieder, die das Publikum sichtlich bewegten und zum Mitsingen einluden.<\/p><figure data-media-id=\"48387200\" data-aspect-ratio-small=\"aspect-ratio-native\" data-aspect-ratio-medium=\"aspect-ratio-native\" data-aspect-ratio-large=\"aspect-ratio-native\" data-media-type=\"article\"><div class=\"relative\" tabindex=\"0\" role=\"button\" data-aspect-ratio-container=\"\" data-open-photoswipe-galleryid=\"default\" data-open-photoswipe-pid=\"48387200\" data-trigger-click-on-space-or-enter=\"\" data-reference-selectable-image=\"\"><p><img decoding=\"async\" class=\"imagecontainer\" src=\"https:\/\/media04.meinbezirk.at\/article\/2025\/11\/18\/0\/48387200_L.webp?1763467944\" alt=\"Waldviertler Schrammeltrio | Foto: Bernhard Wieczorek\" data-aspect-ratio=\"0.799953906\" data-object-position=\"49% 29%\" \/><\/p><div class=\"media-badge\"><p><em>Waldviertler Schrammeltrio<\/em><\/p><\/div><\/div><\/figure><p>Das Ensemble Wieczorek wusste mit seinem charakteristischen Klang und seiner Ausdruckskraft das Publikum zu begeistern. Die harmonische Verbindung von Akkordeonkl\u00e4ngen und Schrammelmusik machte den Abend zu einer w\u00fcrdigen Hommage an einen Musiker, der viele Menschen mit seiner Leidenschaft f\u00fcr Musik erreicht und begeistert hat.<\/p><h2>Viele pers\u00f6nliche Erinnerungen<\/h2><p>Bernhard Rotter verband mit einer sehr pers\u00f6nlichen, anekdotisch erz\u00e4hlten und sehr warmherzigen Rede Erinnerungen, Humor und Gedenken auf ber\u00fchrende Weise.<\/p><figure data-media-id=\"48387101\" data-aspect-ratio-small=\"aspect-ratio-native\" data-aspect-ratio-medium=\"aspect-ratio-native\" data-aspect-ratio-large=\"aspect-ratio-native\" data-media-type=\"article\"><div class=\"relative\" tabindex=\"0\" role=\"button\" data-aspect-ratio-container=\"\" data-open-photoswipe-galleryid=\"default\" data-open-photoswipe-pid=\"48387101\" data-trigger-click-on-space-or-enter=\"\" data-reference-selectable-image=\"\"><p><img decoding=\"async\" class=\"imagecontainer\" src=\"https:\/\/media04.meinbezirk.at\/article\/2025\/11\/18\/1\/48387101_L.webp?1763467809\" alt=\"Ensemble Wieczorek erntete Applaus | Foto: Bernhard Wieczorek\" data-aspect-ratio=\"0.56252214\" data-object-position=\"44% 33%\" \/><\/p><div class=\"media-badge\"><p><em>Ensemble Wieczorek erntete Applaus<\/em><\/p><\/div><\/div><\/figure><p>Zum Abschluss erhob sich das Publikum zu Standing Ovations und w\u00fcrdigte damit sowohl die Musiker als auch die besondere Bedeutung dieses Abends und das musikalische Verm\u00e4chtnis von Franz Wieczorek.<\/p><p><em>Fotos: Bernhard Wieczorek<\/em><\/p><p><em>Bericht: Daniel Schmidt, 18.11.2025<\/em><\/p>\t\t\t\t\t\t\t\t<\/div>\n\t\t\t\t<\/div>\n\t\t\t\t\t<\/div>\n\t\t<\/div>\n\t\t\t\t\t<\/div>\n\t\t<\/section>\n\t\t\t\t<section class=\"elementor-section elementor-top-section elementor-element elementor-element-a164e93 elementor-section-boxed elementor-section-height-default elementor-section-height-default\" data-id=\"a164e93\" data-element_type=\"section\" data-e-type=\"section\">\n\t\t\t\t\t\t<div class=\"elementor-container elementor-column-gap-default\">\n\t\t\t\t\t<div class=\"elementor-column elementor-col-100 elementor-top-column elementor-element elementor-element-1fffc14\" data-id=\"1fffc14\" data-element_type=\"column\" data-e-type=\"column\">\n\t\t\t<div class=\"elementor-widget-wrap elementor-element-populated\">\n\t\t\t\t\t\t<div class=\"elementor-element elementor-element-c2e7855 elementor-widget-divider--view-line elementor-widget elementor-widget-divider\" data-id=\"c2e7855\" data-element_type=\"widget\" data-e-type=\"widget\" data-widget_type=\"divider.default\">\n\t\t\t\t<div class=\"elementor-widget-container\">\n\t\t\t\t\t\t\t<div class=\"elementor-divider\">\n\t\t\t<span class=\"elementor-divider-separator\">\n\t\t\t\t\t\t<\/span>\n\t\t<\/div>\n\t\t\t\t\t\t<\/div>\n\t\t\t\t<\/div>\n\t\t\t\t<div class=\"elementor-element elementor-element-fa6dfcb elementor-widget elementor-widget-spacer\" data-id=\"fa6dfcb\" data-element_type=\"widget\" data-e-type=\"widget\" data-widget_type=\"spacer.default\">\n\t\t\t\t<div class=\"elementor-widget-container\">\n\t\t\t\t\t\t\t<div class=\"elementor-spacer\">\n\t\t\t<div class=\"elementor-spacer-inner\"><\/div>\n\t\t<\/div>\n\t\t\t\t\t\t<\/div>\n\t\t\t\t<\/div>\n\t\t\t\t<div class=\"elementor-element elementor-element-fef3044 elementor-widget-divider--view-line elementor-widget elementor-widget-divider\" data-id=\"fef3044\" data-element_type=\"widget\" data-e-type=\"widget\" data-widget_type=\"divider.default\">\n\t\t\t\t<div class=\"elementor-widget-container\">\n\t\t\t\t\t\t\t<div class=\"elementor-divider\">\n\t\t\t<span class=\"elementor-divider-separator\">\n\t\t\t\t\t\t<\/span>\n\t\t<\/div>\n\t\t\t\t\t\t<\/div>\n\t\t\t\t<\/div>\n\t\t\t\t<div class=\"elementor-element elementor-element-ecc3e51 elementor-widget-divider--view-line elementor-widget elementor-widget-divider\" data-id=\"ecc3e51\" data-element_type=\"widget\" data-e-type=\"widget\" data-widget_type=\"divider.default\">\n\t\t\t\t<div class=\"elementor-widget-container\">\n\t\t\t\t\t\t\t<div class=\"elementor-divider\">\n\t\t\t<span class=\"elementor-divider-separator\">\n\t\t\t\t\t\t<\/span>\n\t\t<\/div>\n\t\t\t\t\t\t<\/div>\n\t\t\t\t<\/div>\n\t\t\t\t<div class=\"elementor-element elementor-element-6c013d6 elementor-widget-divider--view-line elementor-widget elementor-widget-divider\" data-id=\"6c013d6\" data-element_type=\"widget\" data-e-type=\"widget\" data-widget_type=\"divider.default\">\n\t\t\t\t<div class=\"elementor-widget-container\">\n\t\t\t\t\t\t\t<div class=\"elementor-divider\">\n\t\t\t<span class=\"elementor-divider-separator\">\n\t\t\t\t\t\t<\/span>\n\t\t<\/div>\n\t\t\t\t\t\t<\/div>\n\t\t\t\t<\/div>\n\t\t\t\t<div class=\"elementor-element elementor-element-fafd817 elementor-widget elementor-widget-image\" data-id=\"fafd817\" data-element_type=\"widget\" data-e-type=\"widget\" data-widget_type=\"image.default\">\n\t\t\t\t<div class=\"elementor-widget-container\">\n\t\t\t\t\t\t\t\t\t\t\t\t\t\t\t<img loading=\"lazy\" decoding=\"async\" width=\"768\" height=\"447\" src=\"https:\/\/ensemblewieczorek.at\/wp-content\/uploads\/2025\/08\/Bild-28.08.25-um-17.10-768x447.jpeg\" class=\"attachment-medium_large size-medium_large wp-image-799\" alt=\"\" srcset=\"https:\/\/ensemblewieczorek.at\/wp-content\/uploads\/2025\/08\/Bild-28.08.25-um-17.10-768x447.jpeg 768w, https:\/\/ensemblewieczorek.at\/wp-content\/uploads\/2025\/08\/Bild-28.08.25-um-17.10-300x175.jpeg 300w, https:\/\/ensemblewieczorek.at\/wp-content\/uploads\/2025\/08\/Bild-28.08.25-um-17.10-1024x596.jpeg 1024w, https:\/\/ensemblewieczorek.at\/wp-content\/uploads\/2025\/08\/Bild-28.08.25-um-17.10-1536x895.jpeg 1536w, https:\/\/ensemblewieczorek.at\/wp-content\/uploads\/2025\/08\/Bild-28.08.25-um-17.10.jpeg 1576w\" sizes=\"(max-width: 768px) 100vw, 768px\" \/>\t\t\t\t\t\t\t\t\t\t\t\t\t\t\t<\/div>\n\t\t\t\t<\/div>\n\t\t\t\t<div class=\"elementor-element elementor-element-cda64bc elementor-widget-divider--view-line elementor-widget elementor-widget-divider\" data-id=\"cda64bc\" data-element_type=\"widget\" data-e-type=\"widget\" data-widget_type=\"divider.default\">\n\t\t\t\t<div class=\"elementor-widget-container\">\n\t\t\t\t\t\t\t<div class=\"elementor-divider\">\n\t\t\t<span class=\"elementor-divider-separator\">\n\t\t\t\t\t\t<\/span>\n\t\t<\/div>\n\t\t\t\t\t\t<\/div>\n\t\t\t\t<\/div>\n\t\t\t\t<div class=\"elementor-element elementor-element-9b26e9e elementor-widget__width-initial elementor-widget elementor-widget-image\" data-id=\"9b26e9e\" data-element_type=\"widget\" data-e-type=\"widget\" data-widget_type=\"image.default\">\n\t\t\t\t<div class=\"elementor-widget-container\">\n\t\t\t\t\t\t\t\t\t\t\t\t\t\t\t<img loading=\"lazy\" decoding=\"async\" width=\"300\" height=\"76\" src=\"https:\/\/ensemblewieczorek.at\/wp-content\/uploads\/2025\/08\/Bild-28.08.25-um-17.27-1-300x76.jpeg\" class=\"attachment-medium size-medium wp-image-802\" alt=\"\" srcset=\"https:\/\/ensemblewieczorek.at\/wp-content\/uploads\/2025\/08\/Bild-28.08.25-um-17.27-1-300x76.jpeg 300w, https:\/\/ensemblewieczorek.at\/wp-content\/uploads\/2025\/08\/Bild-28.08.25-um-17.27-1.jpeg 346w\" sizes=\"(max-width: 300px) 100vw, 300px\" \/>\t\t\t\t\t\t\t\t\t\t\t\t\t\t\t<\/div>\n\t\t\t\t<\/div>\n\t\t\t\t<div class=\"elementor-element elementor-element-fff2285 elementor-widget__width-initial elementor-widget elementor-widget-text-editor\" data-id=\"fff2285\" data-element_type=\"widget\" data-e-type=\"widget\" data-widget_type=\"text-editor.default\">\n\t\t\t\t<div class=\"elementor-widget-container\">\n\t\t\t\t\t\t\t\t\t<h1>Autorenlesung: Weidinger Biografie<\/h1><ul class=\"content-meta\"><li>12. April 2018, 18:59\u00a0Uhr<\/li><\/ul>\t\t\t\t\t\t\t\t<\/div>\n\t\t\t\t<\/div>\n\t\t\t\t<div class=\"elementor-element elementor-element-36560f1 elementor-widget elementor-widget-text-editor\" data-id=\"36560f1\" data-element_type=\"widget\" data-e-type=\"widget\" data-widget_type=\"text-editor.default\">\n\t\t\t\t<div class=\"elementor-widget-container\">\n\t\t\t\t\t\t\t\t\t<p>WAIDHOFEN. Vergangenen Mittwoch fand im Raiffeisensaal zu Ehren des 100. Geburtstag des leider verstorbenen Kr\u00e4uterpfarrer <b>Hermann Josef Weidinger <\/b>eine Autorenlesung von <b>Karl Wanko<\/b> statt. Begleitet von dem Akkordeon Ensemble <b>Wieczorek<\/b> pr\u00e4sentierte <b>Karl Wanko <\/b>in Kooperation mit der <b>Raiffeisenbank, Waldviertler Akademie und dem Verein der Freunde der Heilkr\u00e4uter,<\/b>\u00a0den vielen Ehreng\u00e4sten die Biografie \u00fcber\u00a0 Weidinger. Dabei erz\u00e4hlte er als langj\u00e4hriger Freund \u00fcber das Leben vom Kr\u00e4uterpfarrer. Vieles machte Weidinger als besonderen Menschen aus. Er sagte von sich selbst, er sei ein uriges Rindvieh und redet wie ihm der Schnabel gewachsen ist. Genau diese Art von Menschlichkeit begeisterte viele Menschen. Was auch der Titel eines\u00a0 seiner B\u00fccher ist. &#8220; Weil ich die Menschen liebe&#8220;. Karl Wanko sagte \u00fcber Weidinger, &#8220; Ich konnte mit ihm \u00fcber Gott und die Welt reden.<\/p>\t\t\t\t\t\t\t\t<\/div>\n\t\t\t\t<\/div>\n\t\t\t\t<div class=\"elementor-element elementor-element-1ad8b0a elementor-widget elementor-widget-image\" data-id=\"1ad8b0a\" data-element_type=\"widget\" data-e-type=\"widget\" data-widget_type=\"image.default\">\n\t\t\t\t<div class=\"elementor-widget-container\">\n\t\t\t\t\t\t\t\t\t\t\t\t\t\t\t<img loading=\"lazy\" decoding=\"async\" width=\"800\" height=\"573\" src=\"https:\/\/ensemblewieczorek.at\/wp-content\/uploads\/2025\/08\/Bild-28.08.25-um-17.27-1024x734.jpeg\" class=\"attachment-large size-large wp-image-801\" alt=\"\" srcset=\"https:\/\/ensemblewieczorek.at\/wp-content\/uploads\/2025\/08\/Bild-28.08.25-um-17.27-1024x734.jpeg 1024w, https:\/\/ensemblewieczorek.at\/wp-content\/uploads\/2025\/08\/Bild-28.08.25-um-17.27-300x215.jpeg 300w, https:\/\/ensemblewieczorek.at\/wp-content\/uploads\/2025\/08\/Bild-28.08.25-um-17.27-768x550.jpeg 768w, https:\/\/ensemblewieczorek.at\/wp-content\/uploads\/2025\/08\/Bild-28.08.25-um-17.27.jpeg 1248w\" sizes=\"(max-width: 800px) 100vw, 800px\" \/>\t\t\t\t\t\t\t\t\t\t\t\t\t\t\t<\/div>\n\t\t\t\t<\/div>\n\t\t\t\t<div class=\"elementor-element elementor-element-3acb0fd elementor-widget-divider--view-line elementor-widget elementor-widget-divider\" data-id=\"3acb0fd\" data-element_type=\"widget\" data-e-type=\"widget\" data-widget_type=\"divider.default\">\n\t\t\t\t<div class=\"elementor-widget-container\">\n\t\t\t\t\t\t\t<div class=\"elementor-divider\">\n\t\t\t<span class=\"elementor-divider-separator\">\n\t\t\t\t\t\t<\/span>\n\t\t<\/div>\n\t\t\t\t\t\t<\/div>\n\t\t\t\t<\/div>\n\t\t\t\t\t<\/div>\n\t\t<\/div>\n\t\t\t\t\t<\/div>\n\t\t<\/section>\n\t\t\t\t<section class=\"elementor-section elementor-top-section elementor-element elementor-element-8da7469 elementor-section-boxed elementor-section-height-default elementor-section-height-default\" data-id=\"8da7469\" data-element_type=\"section\" data-e-type=\"section\">\n\t\t\t\t\t\t<div class=\"elementor-container elementor-column-gap-default\">\n\t\t\t\t\t<div class=\"elementor-column elementor-col-100 elementor-top-column elementor-element elementor-element-6ac5f9a\" data-id=\"6ac5f9a\" data-element_type=\"column\" data-e-type=\"column\">\n\t\t\t<div class=\"elementor-widget-wrap elementor-element-populated\">\n\t\t\t\t\t\t<div class=\"elementor-element elementor-element-12d44d3 elementor-widget elementor-widget-heading\" data-id=\"12d44d3\" data-element_type=\"widget\" data-e-type=\"widget\" data-widget_type=\"heading.default\">\n\t\t\t\t<div class=\"elementor-widget-container\">\n\t\t\t\t\t<h2 class=\"elementor-heading-title elementor-size-default\">Messfeier Hospizverein Waldviertel - Waidhofen\/Thaya<\/h2>\t\t\t\t<\/div>\n\t\t\t\t<\/div>\n\t\t\t\t\t<\/div>\n\t\t<\/div>\n\t\t\t\t\t<\/div>\n\t\t<\/section>\n\t\t\t\t<section class=\"elementor-section elementor-top-section elementor-element elementor-element-6af5931 elementor-section-boxed elementor-section-height-default elementor-section-height-default\" data-id=\"6af5931\" data-element_type=\"section\" data-e-type=\"section\">\n\t\t\t\t\t\t<div class=\"elementor-container elementor-column-gap-default\">\n\t\t\t\t\t<div class=\"elementor-column elementor-col-100 elementor-top-column elementor-element elementor-element-3751a1c\" data-id=\"3751a1c\" data-element_type=\"column\" data-e-type=\"column\">\n\t\t\t<div class=\"elementor-widget-wrap elementor-element-populated\">\n\t\t\t\t\t\t<div class=\"elementor-element elementor-element-27cbf32 elementor-widget elementor-widget-text-editor\" data-id=\"27cbf32\" data-element_type=\"widget\" data-e-type=\"widget\" data-widget_type=\"text-editor.default\">\n\t\t\t\t<div class=\"elementor-widget-container\">\n\t\t\t\t\t\t\t\t\t<p>4. Oktober 2015 &#8211; Stadtpfarrkirche Waidhofen an der Thaya<\/p>\t\t\t\t\t\t\t\t<\/div>\n\t\t\t\t<\/div>\n\t\t\t\t\t<\/div>\n\t\t<\/div>\n\t\t\t\t\t<\/div>\n\t\t<\/section>\n\t\t\t\t<section class=\"elementor-section elementor-top-section elementor-element elementor-element-3ec2ab3 elementor-section-boxed elementor-section-height-default elementor-section-height-default\" data-id=\"3ec2ab3\" data-element_type=\"section\" data-e-type=\"section\">\n\t\t\t\t\t\t<div class=\"elementor-container elementor-column-gap-default\">\n\t\t\t\t\t<div class=\"elementor-column elementor-col-50 elementor-top-column elementor-element elementor-element-9287cb2\" data-id=\"9287cb2\" data-element_type=\"column\" data-e-type=\"column\">\n\t\t\t<div class=\"elementor-widget-wrap elementor-element-populated\">\n\t\t\t\t\t\t<div class=\"elementor-element elementor-element-000880d elementor-widget elementor-widget-image\" data-id=\"000880d\" data-element_type=\"widget\" data-e-type=\"widget\" data-widget_type=\"image.default\">\n\t\t\t\t<div class=\"elementor-widget-container\">\n\t\t\t\t\t\t\t\t\t\t\t\t\t\t\t<img loading=\"lazy\" decoding=\"async\" width=\"225\" height=\"300\" src=\"https:\/\/ensemblewieczorek.at\/wp-content\/uploads\/2023\/07\/Kirche-225x300.jpg\" class=\"attachment-medium size-medium wp-image-391\" alt=\"Stadtpfarrkirche Waidhofen an der Thaya\" srcset=\"https:\/\/ensemblewieczorek.at\/wp-content\/uploads\/2023\/07\/Kirche-225x300.jpg 225w, https:\/\/ensemblewieczorek.at\/wp-content\/uploads\/2023\/07\/Kirche-768x1024.jpg 768w, https:\/\/ensemblewieczorek.at\/wp-content\/uploads\/2023\/07\/Kirche-1152x1536.jpg 1152w, https:\/\/ensemblewieczorek.at\/wp-content\/uploads\/2023\/07\/Kirche-1536x2048.jpg 1536w, https:\/\/ensemblewieczorek.at\/wp-content\/uploads\/2023\/07\/Kirche-scaled.jpg 1920w\" sizes=\"(max-width: 225px) 100vw, 225px\" \/>\t\t\t\t\t\t\t\t\t\t\t\t\t\t\t<\/div>\n\t\t\t\t<\/div>\n\t\t\t\t\t<\/div>\n\t\t<\/div>\n\t\t\t\t<div class=\"elementor-column elementor-col-50 elementor-top-column elementor-element elementor-element-b4a8649\" data-id=\"b4a8649\" data-element_type=\"column\" data-e-type=\"column\">\n\t\t\t<div class=\"elementor-widget-wrap elementor-element-populated\">\n\t\t\t\t\t\t<div class=\"elementor-element elementor-element-8edfb95 elementor-widget elementor-widget-image\" data-id=\"8edfb95\" data-element_type=\"widget\" data-e-type=\"widget\" data-widget_type=\"image.default\">\n\t\t\t\t<div class=\"elementor-widget-container\">\n\t\t\t\t\t\t\t\t\t\t\t\t\t\t\t<img decoding=\"async\" src=\"https:\/\/ensemblewieczorek.at\/wp-content\/uploads\/2023\/07\/logo_hospiz_noe100.jpg\" title=\"logo_hospiz_noe100\" alt=\"logo_hospiz_noe100\" loading=\"lazy\" \/>\t\t\t\t\t\t\t\t\t\t\t\t\t\t\t<\/div>\n\t\t\t\t<\/div>\n\t\t\t\t\t<\/div>\n\t\t<\/div>\n\t\t\t\t\t<\/div>\n\t\t<\/section>\n\t\t\t\t<section class=\"elementor-section elementor-top-section elementor-element elementor-element-0028347 elementor-section-boxed elementor-section-height-default elementor-section-height-default\" data-id=\"0028347\" data-element_type=\"section\" data-e-type=\"section\">\n\t\t\t\t\t\t<div class=\"elementor-container elementor-column-gap-default\">\n\t\t\t\t\t<div class=\"elementor-column elementor-col-100 elementor-top-column elementor-element elementor-element-8ebbc69\" data-id=\"8ebbc69\" data-element_type=\"column\" data-e-type=\"column\">\n\t\t\t<div class=\"elementor-widget-wrap elementor-element-populated\">\n\t\t\t\t\t\t<div class=\"elementor-element elementor-element-d9b82f2 elementor-widget elementor-widget-image\" data-id=\"d9b82f2\" data-element_type=\"widget\" data-e-type=\"widget\" data-widget_type=\"image.default\">\n\t\t\t\t<div class=\"elementor-widget-container\">\n\t\t\t\t\t\t\t\t\t\t\t\t\t\t\t\t<a href=\"https:\/\/ensemblewieczorek.at\/wp-content\/uploads\/2023\/07\/ensemble-kirche.jpg\" data-elementor-open-lightbox=\"yes\" data-elementor-lightbox-title=\"ensemble-kirche\" data-e-action-hash=\"#elementor-action%3Aaction%3Dlightbox%26settings%3DeyJpZCI6Mzk0LCJ1cmwiOiJodHRwczpcL1wvZW5zZW1ibGV3aWVjem9yZWsuYXRcL3dwLWNvbnRlbnRcL3VwbG9hZHNcLzIwMjNcLzA3XC9lbnNlbWJsZS1raXJjaGUuanBnIn0%3D\">\n\t\t\t\t\t\t\t<img loading=\"lazy\" decoding=\"async\" width=\"800\" height=\"508\" src=\"https:\/\/ensemblewieczorek.at\/wp-content\/uploads\/2023\/07\/ensemble-kirche-1024x650.jpg\" class=\"attachment-large size-large wp-image-394\" alt=\"Ensemble in der Stadtpfarrkirche Waidhofen an der Thaya\" srcset=\"https:\/\/ensemblewieczorek.at\/wp-content\/uploads\/2023\/07\/ensemble-kirche-1024x650.jpg 1024w, https:\/\/ensemblewieczorek.at\/wp-content\/uploads\/2023\/07\/ensemble-kirche-300x190.jpg 300w, https:\/\/ensemblewieczorek.at\/wp-content\/uploads\/2023\/07\/ensemble-kirche-768x487.jpg 768w, https:\/\/ensemblewieczorek.at\/wp-content\/uploads\/2023\/07\/ensemble-kirche-1536x975.jpg 1536w, https:\/\/ensemblewieczorek.at\/wp-content\/uploads\/2023\/07\/ensemble-kirche-2048x1300.jpg 2048w\" sizes=\"(max-width: 800px) 100vw, 800px\" \/>\t\t\t\t\t\t\t\t<\/a>\n\t\t\t\t\t\t\t\t\t\t\t\t\t\t\t<\/div>\n\t\t\t\t<\/div>\n\t\t\t\t<div class=\"elementor-element elementor-element-46b5597 elementor-widget__width-initial elementor-widget elementor-widget-text-editor\" data-id=\"46b5597\" data-element_type=\"widget\" data-e-type=\"widget\" data-widget_type=\"text-editor.default\">\n\t\t\t\t<div class=\"elementor-widget-container\">\n\t\t\t\t\t\t\t\t\t<p>v.l.n.r.: Bernhard Rotter, Rosalinde Steinberger, Franz Wieczorek, Fritz K\u00f6nig, Monika \u00d6hlknecht, Christian Flicker<\/p>\t\t\t\t\t\t\t\t<\/div>\n\t\t\t\t<\/div>\n\t\t\t\t\t<\/div>\n\t\t<\/div>\n\t\t\t\t\t<\/div>\n\t\t<\/section>\n\t\t\t\t<section class=\"elementor-section elementor-top-section elementor-element elementor-element-cb50555 elementor-section-boxed elementor-section-height-default elementor-section-height-default\" data-id=\"cb50555\" data-element_type=\"section\" data-e-type=\"section\">\n\t\t\t\t\t\t<div class=\"elementor-container elementor-column-gap-default\">\n\t\t\t\t\t<div class=\"elementor-column elementor-col-100 elementor-top-column elementor-element elementor-element-80bf36e\" data-id=\"80bf36e\" data-element_type=\"column\" data-e-type=\"column\">\n\t\t\t<div class=\"elementor-widget-wrap elementor-element-populated\">\n\t\t\t\t\t\t<div class=\"elementor-element elementor-element-ff86339 elementor-widget elementor-widget-image\" data-id=\"ff86339\" data-element_type=\"widget\" data-e-type=\"widget\" data-widget_type=\"image.default\">\n\t\t\t\t<div class=\"elementor-widget-container\">\n\t\t\t\t\t\t\t\t\t\t\t\t\t\t\t<img loading=\"lazy\" decoding=\"async\" width=\"800\" height=\"613\" src=\"https:\/\/ensemblewieczorek.at\/wp-content\/uploads\/2023\/07\/agape-1024x785.jpg\" class=\"attachment-large size-large wp-image-395\" alt=\"Agape\" srcset=\"https:\/\/ensemblewieczorek.at\/wp-content\/uploads\/2023\/07\/agape-1024x785.jpg 1024w, https:\/\/ensemblewieczorek.at\/wp-content\/uploads\/2023\/07\/agape-300x230.jpg 300w, https:\/\/ensemblewieczorek.at\/wp-content\/uploads\/2023\/07\/agape-768x589.jpg 768w, https:\/\/ensemblewieczorek.at\/wp-content\/uploads\/2023\/07\/agape-1536x1178.jpg 1536w, https:\/\/ensemblewieczorek.at\/wp-content\/uploads\/2023\/07\/agape-2048x1571.jpg 2048w\" sizes=\"(max-width: 800px) 100vw, 800px\" \/>\t\t\t\t\t\t\t\t\t\t\t\t\t\t\t<\/div>\n\t\t\t\t<\/div>\n\t\t\t\t\t<\/div>\n\t\t<\/div>\n\t\t\t\t\t<\/div>\n\t\t<\/section>\n\t\t\t\t<section class=\"elementor-section elementor-top-section elementor-element elementor-element-343db97 elementor-section-boxed elementor-section-height-default elementor-section-height-default\" data-id=\"343db97\" data-element_type=\"section\" data-e-type=\"section\">\n\t\t\t\t\t\t<div class=\"elementor-container elementor-column-gap-default\">\n\t\t\t\t\t<div class=\"elementor-column elementor-col-100 elementor-top-column elementor-element elementor-element-e672410\" data-id=\"e672410\" data-element_type=\"column\" data-e-type=\"column\">\n\t\t\t<div class=\"elementor-widget-wrap elementor-element-populated\">\n\t\t\t\t\t\t<div class=\"elementor-element elementor-element-d6b63f3 elementor-widget-divider--view-line elementor-widget elementor-widget-divider\" data-id=\"d6b63f3\" data-element_type=\"widget\" data-e-type=\"widget\" data-widget_type=\"divider.default\">\n\t\t\t\t<div class=\"elementor-widget-container\">\n\t\t\t\t\t\t\t<div class=\"elementor-divider\">\n\t\t\t<span class=\"elementor-divider-separator\">\n\t\t\t\t\t\t<\/span>\n\t\t<\/div>\n\t\t\t\t\t\t<\/div>\n\t\t\t\t<\/div>\n\t\t\t\t\t<\/div>\n\t\t<\/div>\n\t\t\t\t\t<\/div>\n\t\t<\/section>\n\t\t\t\t<section class=\"elementor-section elementor-top-section elementor-element elementor-element-9e8ddb6 elementor-section-boxed elementor-section-height-default elementor-section-height-default\" data-id=\"9e8ddb6\" data-element_type=\"section\" data-e-type=\"section\">\n\t\t\t\t\t\t<div class=\"elementor-container elementor-column-gap-default\">\n\t\t\t\t\t<div class=\"elementor-column elementor-col-100 elementor-top-column elementor-element elementor-element-b2b9b45\" data-id=\"b2b9b45\" data-element_type=\"column\" data-e-type=\"column\">\n\t\t\t<div class=\"elementor-widget-wrap elementor-element-populated\">\n\t\t\t\t\t\t<div class=\"elementor-element elementor-element-2723712 elementor-widget elementor-widget-heading\" data-id=\"2723712\" data-element_type=\"widget\" data-e-type=\"widget\" data-widget_type=\"heading.default\">\n\t\t\t\t<div class=\"elementor-widget-container\">\n\t\t\t\t\t<h2 class=\"elementor-heading-title elementor-size-default\">Pressespiegel Waidhofener Stadtnachrichten<\/h2>\t\t\t\t<\/div>\n\t\t\t\t<\/div>\n\t\t\t\t\t<\/div>\n\t\t<\/div>\n\t\t\t\t\t<\/div>\n\t\t<\/section>\n\t\t\t\t<section class=\"elementor-section elementor-top-section elementor-element elementor-element-f153185 elementor-section-boxed elementor-section-height-default elementor-section-height-default\" data-id=\"f153185\" data-element_type=\"section\" data-e-type=\"section\">\n\t\t\t\t\t\t<div class=\"elementor-container elementor-column-gap-default\">\n\t\t\t\t\t<div class=\"elementor-column elementor-col-100 elementor-top-column elementor-element elementor-element-a63fc3a\" data-id=\"a63fc3a\" data-element_type=\"column\" data-e-type=\"column\">\n\t\t\t<div class=\"elementor-widget-wrap elementor-element-populated\">\n\t\t\t\t\t\t<div class=\"elementor-element elementor-element-cd30375 elementor-widget elementor-widget-text-editor\" data-id=\"cd30375\" data-element_type=\"widget\" data-e-type=\"widget\" data-widget_type=\"text-editor.default\">\n\t\t\t\t<div class=\"elementor-widget-container\">\n\t\t\t\t\t\t\t\t\t<p>September 2015<\/p>\t\t\t\t\t\t\t\t<\/div>\n\t\t\t\t<\/div>\n\t\t\t\t\t<\/div>\n\t\t<\/div>\n\t\t\t\t\t<\/div>\n\t\t<\/section>\n\t\t\t\t<section class=\"elementor-section elementor-top-section elementor-element elementor-element-af853f9 elementor-section-boxed elementor-section-height-default elementor-section-height-default\" data-id=\"af853f9\" data-element_type=\"section\" data-e-type=\"section\">\n\t\t\t\t\t\t<div class=\"elementor-container elementor-column-gap-default\">\n\t\t\t\t\t<div class=\"elementor-column elementor-col-100 elementor-top-column elementor-element elementor-element-175803c\" data-id=\"175803c\" data-element_type=\"column\" data-e-type=\"column\">\n\t\t\t<div class=\"elementor-widget-wrap elementor-element-populated\">\n\t\t\t\t\t\t<div class=\"elementor-element elementor-element-b926961 elementor-widget elementor-widget-image\" data-id=\"b926961\" data-element_type=\"widget\" data-e-type=\"widget\" data-widget_type=\"image.default\">\n\t\t\t\t<div class=\"elementor-widget-container\">\n\t\t\t\t\t\t\t\t\t\t\t\t\t\t\t<img loading=\"lazy\" decoding=\"async\" width=\"800\" height=\"717\" src=\"https:\/\/ensemblewieczorek.at\/wp-content\/uploads\/2023\/07\/stadtnachrichten-wt.jpg\" class=\"attachment-large size-large wp-image-399\" alt=\"\" srcset=\"https:\/\/ensemblewieczorek.at\/wp-content\/uploads\/2023\/07\/stadtnachrichten-wt.jpg 814w, https:\/\/ensemblewieczorek.at\/wp-content\/uploads\/2023\/07\/stadtnachrichten-wt-300x269.jpg 300w, https:\/\/ensemblewieczorek.at\/wp-content\/uploads\/2023\/07\/stadtnachrichten-wt-768x689.jpg 768w\" sizes=\"(max-width: 800px) 100vw, 800px\" \/>\t\t\t\t\t\t\t\t\t\t\t\t\t\t\t<\/div>\n\t\t\t\t<\/div>\n\t\t\t\t\t<\/div>\n\t\t<\/div>\n\t\t\t\t\t<\/div>\n\t\t<\/section>\n\t\t\t\t<section class=\"elementor-section elementor-top-section elementor-element elementor-element-b24a8bb elementor-section-boxed elementor-section-height-default elementor-section-height-default\" data-id=\"b24a8bb\" data-element_type=\"section\" data-e-type=\"section\">\n\t\t\t\t\t\t<div class=\"elementor-container elementor-column-gap-default\">\n\t\t\t\t\t<div class=\"elementor-column elementor-col-100 elementor-top-column elementor-element elementor-element-158309f\" data-id=\"158309f\" data-element_type=\"column\" data-e-type=\"column\">\n\t\t\t<div class=\"elementor-widget-wrap elementor-element-populated\">\n\t\t\t\t\t\t<div class=\"elementor-element elementor-element-a70485f elementor-widget-divider--view-line elementor-widget elementor-widget-divider\" data-id=\"a70485f\" data-element_type=\"widget\" data-e-type=\"widget\" data-widget_type=\"divider.default\">\n\t\t\t\t<div class=\"elementor-widget-container\">\n\t\t\t\t\t\t\t<div class=\"elementor-divider\">\n\t\t\t<span class=\"elementor-divider-separator\">\n\t\t\t\t\t\t<\/span>\n\t\t<\/div>\n\t\t\t\t\t\t<\/div>\n\t\t\t\t<\/div>\n\t\t\t\t\t<\/div>\n\t\t<\/div>\n\t\t\t\t\t<\/div>\n\t\t<\/section>\n\t\t\t\t<section class=\"elementor-section elementor-top-section elementor-element elementor-element-0390be5 elementor-section-boxed elementor-section-height-default elementor-section-height-default\" data-id=\"0390be5\" data-element_type=\"section\" data-e-type=\"section\">\n\t\t\t\t\t\t<div class=\"elementor-container elementor-column-gap-default\">\n\t\t\t\t\t<div class=\"elementor-column elementor-col-100 elementor-top-column elementor-element elementor-element-3d63095\" data-id=\"3d63095\" data-element_type=\"column\" data-e-type=\"column\">\n\t\t\t<div class=\"elementor-widget-wrap elementor-element-populated\">\n\t\t\t\t\t\t<div class=\"elementor-element elementor-element-154f05c elementor-widget elementor-widget-heading\" data-id=\"154f05c\" data-element_type=\"widget\" data-e-type=\"widget\" data-widget_type=\"heading.default\">\n\t\t\t\t<div class=\"elementor-widget-container\">\n\t\t\t\t\t<h2 class=\"elementor-heading-title elementor-size-default\">Pressespiegel N\u00d6N und Bezirksbl\u00e4tter<\/h2>\t\t\t\t<\/div>\n\t\t\t\t<\/div>\n\t\t\t\t\t<\/div>\n\t\t<\/div>\n\t\t\t\t\t<\/div>\n\t\t<\/section>\n\t\t\t\t<section class=\"elementor-section elementor-top-section elementor-element elementor-element-d1314ca elementor-section-boxed elementor-section-height-default elementor-section-height-default\" data-id=\"d1314ca\" data-element_type=\"section\" data-e-type=\"section\">\n\t\t\t\t\t\t<div class=\"elementor-container elementor-column-gap-default\">\n\t\t\t\t\t<div class=\"elementor-column elementor-col-100 elementor-top-column elementor-element elementor-element-97debb9\" data-id=\"97debb9\" data-element_type=\"column\" data-e-type=\"column\">\n\t\t\t<div class=\"elementor-widget-wrap elementor-element-populated\">\n\t\t\t\t\t\t<div class=\"elementor-element elementor-element-8297ed2 elementor-widget elementor-widget-text-editor\" data-id=\"8297ed2\" data-element_type=\"widget\" data-e-type=\"widget\" data-widget_type=\"text-editor.default\">\n\t\t\t\t<div class=\"elementor-widget-container\">\n\t\t\t\t\t\t\t\t\t<p>25.04.2015 &#8211; Konzert in Waidhofen an der Thaya<\/p><p>29.04.2015 &#8211; Konzert in Wien, Innenministerium<\/p>\t\t\t\t\t\t\t\t<\/div>\n\t\t\t\t<\/div>\n\t\t\t\t\t<\/div>\n\t\t<\/div>\n\t\t\t\t\t<\/div>\n\t\t<\/section>\n\t\t\t\t<section class=\"elementor-section elementor-top-section elementor-element elementor-element-07abfba elementor-section-boxed elementor-section-height-default elementor-section-height-default\" data-id=\"07abfba\" data-element_type=\"section\" data-e-type=\"section\">\n\t\t\t\t\t\t<div class=\"elementor-container elementor-column-gap-default\">\n\t\t\t\t\t<div class=\"elementor-column elementor-col-100 elementor-top-column elementor-element elementor-element-1cf73ea\" data-id=\"1cf73ea\" data-element_type=\"column\" data-e-type=\"column\">\n\t\t\t<div class=\"elementor-widget-wrap elementor-element-populated\">\n\t\t\t\t\t\t<div class=\"elementor-element elementor-element-cafe451 elementor-widget elementor-widget-text-editor\" data-id=\"cafe451\" data-element_type=\"widget\" data-e-type=\"widget\" data-widget_type=\"text-editor.default\">\n\t\t\t\t<div class=\"elementor-widget-container\">\n\t\t\t\t\t\t\t\t\t<p>WAIDHOFEN. F\u00fcr die Waidhofner Akkordeonisten geht es in diesem Fr\u00fchjahr Schlag auf Schlag. Nach dem sehr erfolgreichen Konzert in Waidhofen an der Thaya war das Ensemble Wieczorek am 29.04. 2015 von der \u00d6sterreichisch-Italienischen Gesellschaft sowie dem Inner Wheel Club Wien- Nordost eingeladen, im Gro\u00dfen Vortragssaal des Bundesministeriums f\u00fcr Inneres in Wien anl\u00e4sslich des 20.Jahrestages des Beitrittes zur Europ\u00e4ischen Union zu konzertieren.<\/p><p>Bei diesem Benefizabend \u201eSerata Europea\u201c -die Spenden kommen der sozialp\u00e4dagogischen Einrichtung St.Benedikt (somit Kindern) zugute-begeisterte das Ensemble das Wiener Publikum. Akkordeonmusik in konzertanter Form, sowohl Originalliteratur als auch Bearbeitungen \u201eklassischer\u201c Musik f\u00fcr Akkordeon, war f\u00fcr viele Besucher eine neue Erfahrung. Der musikalische Bogen war weitgespannt: \u201eCarmen -Suite\u201c (von Prof.Walter Maurer f\u00fcr Akkordeon bearbeitet), \u201eTango-Invention\u201c (unter Verwendung der zweistimmigen Invention in a-moll von J.S.Bach), \u00fcber den sehr akzentuiert interpretierten Tango \u201eHommage \u00e0 Astor Piazzolla\u201c bis zum schwungvollen \u201eSpanischen Walzer\u201c.<\/p><p>Das Publikum honorierte die musikalische Qualit\u00e4t und die gef\u00fchlvolle sensibel-dynamische Interpretation des Dargebotenen. Mit anhaltendem Applaus nach dem eigentlichen Schlu\u00dfst\u00fcck (Konzert f\u00fcr Trompete in Es-Dur 1. Satz von Joseph Haydn) feierten die Konzertg\u00e4ste schlussendlich das Ensemble nach einem mitrei\u00dfendem \u201eGigolo\u201c mit Standing Ovations.<\/p>\t\t\t\t\t\t\t\t<\/div>\n\t\t\t\t<\/div>\n\t\t\t\t<div class=\"elementor-element elementor-element-a67cdcf elementor-widget elementor-widget-image\" data-id=\"a67cdcf\" data-element_type=\"widget\" data-e-type=\"widget\" data-widget_type=\"image.default\">\n\t\t\t\t<div class=\"elementor-widget-container\">\n\t\t\t\t\t\t\t\t\t\t\t\t\t\t\t<img loading=\"lazy\" decoding=\"async\" width=\"404\" height=\"510\" src=\"https:\/\/ensemblewieczorek.at\/wp-content\/uploads\/2023\/07\/innenministerium1.jpg\" class=\"attachment-large size-large wp-image-403\" alt=\"\" srcset=\"https:\/\/ensemblewieczorek.at\/wp-content\/uploads\/2023\/07\/innenministerium1.jpg 404w, https:\/\/ensemblewieczorek.at\/wp-content\/uploads\/2023\/07\/innenministerium1-238x300.jpg 238w\" sizes=\"(max-width: 404px) 100vw, 404px\" \/>\t\t\t\t\t\t\t\t\t\t\t\t\t\t\t<\/div>\n\t\t\t\t<\/div>\n\t\t\t\t\t<\/div>\n\t\t<\/div>\n\t\t\t\t\t<\/div>\n\t\t<\/section>\n\t\t\t\t<section class=\"elementor-section elementor-top-section elementor-element elementor-element-34cbf19 elementor-section-boxed elementor-section-height-default elementor-section-height-default\" data-id=\"34cbf19\" data-element_type=\"section\" data-e-type=\"section\">\n\t\t\t\t\t\t<div class=\"elementor-container elementor-column-gap-default\">\n\t\t\t\t\t<div class=\"elementor-column elementor-col-100 elementor-top-column elementor-element elementor-element-6cad40b\" data-id=\"6cad40b\" data-element_type=\"column\" data-e-type=\"column\">\n\t\t\t<div class=\"elementor-widget-wrap elementor-element-populated\">\n\t\t\t\t\t\t<div class=\"elementor-element elementor-element-af6cc16 elementor-widget elementor-widget-image\" data-id=\"af6cc16\" data-element_type=\"widget\" data-e-type=\"widget\" data-widget_type=\"image.default\">\n\t\t\t\t<div class=\"elementor-widget-container\">\n\t\t\t\t\t\t\t\t\t\t\t\t\t\t\t<img loading=\"lazy\" decoding=\"async\" width=\"419\" height=\"275\" src=\"https:\/\/ensemblewieczorek.at\/wp-content\/uploads\/2023\/07\/innenministerium2.jpg\" class=\"attachment-large size-large wp-image-404\" alt=\"\" srcset=\"https:\/\/ensemblewieczorek.at\/wp-content\/uploads\/2023\/07\/innenministerium2.jpg 419w, https:\/\/ensemblewieczorek.at\/wp-content\/uploads\/2023\/07\/innenministerium2-300x197.jpg 300w\" sizes=\"(max-width: 419px) 100vw, 419px\" \/>\t\t\t\t\t\t\t\t\t\t\t\t\t\t\t<\/div>\n\t\t\t\t<\/div>\n\t\t\t\t\t<\/div>\n\t\t<\/div>\n\t\t\t\t\t<\/div>\n\t\t<\/section>\n\t\t\t\t<section class=\"elementor-section elementor-top-section elementor-element elementor-element-7b7e286 elementor-section-boxed elementor-section-height-default elementor-section-height-default\" data-id=\"7b7e286\" data-element_type=\"section\" data-e-type=\"section\">\n\t\t\t\t\t\t<div class=\"elementor-container elementor-column-gap-default\">\n\t\t\t\t\t<div class=\"elementor-column elementor-col-100 elementor-top-column elementor-element elementor-element-98d0a6b\" data-id=\"98d0a6b\" data-element_type=\"column\" data-e-type=\"column\">\n\t\t\t<div class=\"elementor-widget-wrap elementor-element-populated\">\n\t\t\t\t\t\t<div class=\"elementor-element elementor-element-a42154f elementor-widget elementor-widget-image\" data-id=\"a42154f\" data-element_type=\"widget\" data-e-type=\"widget\" data-widget_type=\"image.default\">\n\t\t\t\t<div class=\"elementor-widget-container\">\n\t\t\t\t\t\t\t\t\t\t\t\t\t\t\t<img loading=\"lazy\" decoding=\"async\" width=\"406\" height=\"468\" src=\"https:\/\/ensemblewieczorek.at\/wp-content\/uploads\/2023\/07\/innenministerium3.jpg\" class=\"attachment-large size-large wp-image-405\" alt=\"\" srcset=\"https:\/\/ensemblewieczorek.at\/wp-content\/uploads\/2023\/07\/innenministerium3.jpg 406w, https:\/\/ensemblewieczorek.at\/wp-content\/uploads\/2023\/07\/innenministerium3-260x300.jpg 260w\" sizes=\"(max-width: 406px) 100vw, 406px\" \/>\t\t\t\t\t\t\t\t\t\t\t\t\t\t\t<\/div>\n\t\t\t\t<\/div>\n\t\t\t\t<div class=\"elementor-element elementor-element-59d72e4 elementor-widget-divider--view-line elementor-widget elementor-widget-divider\" data-id=\"59d72e4\" data-element_type=\"widget\" data-e-type=\"widget\" data-widget_type=\"divider.default\">\n\t\t\t\t<div class=\"elementor-widget-container\">\n\t\t\t\t\t\t\t<div class=\"elementor-divider\">\n\t\t\t<span class=\"elementor-divider-separator\">\n\t\t\t\t\t\t<\/span>\n\t\t<\/div>\n\t\t\t\t\t\t<\/div>\n\t\t\t\t<\/div>\n\t\t\t\t\t<\/div>\n\t\t<\/div>\n\t\t\t\t\t<\/div>\n\t\t<\/section>\n\t\t\t\t<section class=\"elementor-section elementor-top-section elementor-element elementor-element-8847fe4 elementor-section-boxed elementor-section-height-default elementor-section-height-default\" data-id=\"8847fe4\" data-element_type=\"section\" data-e-type=\"section\">\n\t\t\t\t\t\t<div class=\"elementor-container elementor-column-gap-default\">\n\t\t\t\t\t<div class=\"elementor-column elementor-col-100 elementor-top-column elementor-element elementor-element-5461a26\" data-id=\"5461a26\" data-element_type=\"column\" data-e-type=\"column\">\n\t\t\t<div class=\"elementor-widget-wrap elementor-element-populated\">\n\t\t\t\t\t\t<div class=\"elementor-element elementor-element-88043ac elementor-widget elementor-widget-image\" data-id=\"88043ac\" data-element_type=\"widget\" data-e-type=\"widget\" data-widget_type=\"image.default\">\n\t\t\t\t<div class=\"elementor-widget-container\">\n\t\t\t\t\t\t\t\t\t\t\t\t\t\t\t<img loading=\"lazy\" decoding=\"async\" width=\"569\" height=\"1024\" src=\"https:\/\/ensemblewieczorek.at\/wp-content\/uploads\/2023\/07\/konzert-wt2-569x1024.jpg\" class=\"attachment-large size-large wp-image-407\" alt=\"\" srcset=\"https:\/\/ensemblewieczorek.at\/wp-content\/uploads\/2023\/07\/konzert-wt2-569x1024.jpg 569w, https:\/\/ensemblewieczorek.at\/wp-content\/uploads\/2023\/07\/konzert-wt2-167x300.jpg 167w, https:\/\/ensemblewieczorek.at\/wp-content\/uploads\/2023\/07\/konzert-wt2.jpg 636w\" sizes=\"(max-width: 569px) 100vw, 569px\" \/>\t\t\t\t\t\t\t\t\t\t\t\t\t\t\t<\/div>\n\t\t\t\t<\/div>\n\t\t\t\t\t<\/div>\n\t\t<\/div>\n\t\t\t\t\t<\/div>\n\t\t<\/section>\n\t\t\t\t<section class=\"elementor-section elementor-top-section elementor-element elementor-element-322d75a elementor-section-boxed elementor-section-height-default elementor-section-height-default\" data-id=\"322d75a\" data-element_type=\"section\" data-e-type=\"section\">\n\t\t\t\t\t\t<div class=\"elementor-container elementor-column-gap-default\">\n\t\t\t\t\t<div class=\"elementor-column elementor-col-100 elementor-top-column elementor-element elementor-element-12d9bba\" data-id=\"12d9bba\" data-element_type=\"column\" data-e-type=\"column\">\n\t\t\t<div class=\"elementor-widget-wrap elementor-element-populated\">\n\t\t\t\t\t\t<div class=\"elementor-element elementor-element-6bd0347 elementor-widget elementor-widget-image\" data-id=\"6bd0347\" data-element_type=\"widget\" data-e-type=\"widget\" data-widget_type=\"image.default\">\n\t\t\t\t<div class=\"elementor-widget-container\">\n\t\t\t\t\t\t\t\t\t\t\t\t\t\t\t<img loading=\"lazy\" decoding=\"async\" width=\"589\" height=\"579\" src=\"https:\/\/ensemblewieczorek.at\/wp-content\/uploads\/2023\/07\/konzert-wt1.jpg\" class=\"attachment-large size-large wp-image-406\" alt=\"\" srcset=\"https:\/\/ensemblewieczorek.at\/wp-content\/uploads\/2023\/07\/konzert-wt1.jpg 589w, https:\/\/ensemblewieczorek.at\/wp-content\/uploads\/2023\/07\/konzert-wt1-300x295.jpg 300w\" sizes=\"(max-width: 589px) 100vw, 589px\" \/>\t\t\t\t\t\t\t\t\t\t\t\t\t\t\t<\/div>\n\t\t\t\t<\/div>\n\t\t\t\t\t<\/div>\n\t\t<\/div>\n\t\t\t\t\t<\/div>\n\t\t<\/section>\n\t\t\t\t<section class=\"elementor-section elementor-top-section elementor-element elementor-element-6b122b7 elementor-section-boxed elementor-section-height-default elementor-section-height-default\" data-id=\"6b122b7\" data-element_type=\"section\" data-e-type=\"section\">\n\t\t\t\t\t\t<div class=\"elementor-container elementor-column-gap-default\">\n\t\t\t\t\t<div class=\"elementor-column elementor-col-100 elementor-top-column elementor-element elementor-element-9eee870\" data-id=\"9eee870\" data-element_type=\"column\" data-e-type=\"column\">\n\t\t\t<div class=\"elementor-widget-wrap elementor-element-populated\">\n\t\t\t\t\t\t<div class=\"elementor-element elementor-element-a50e0d9 elementor-widget-divider--view-line elementor-widget elementor-widget-divider\" data-id=\"a50e0d9\" data-element_type=\"widget\" data-e-type=\"widget\" data-widget_type=\"divider.default\">\n\t\t\t\t<div class=\"elementor-widget-container\">\n\t\t\t\t\t\t\t<div class=\"elementor-divider\">\n\t\t\t<span class=\"elementor-divider-separator\">\n\t\t\t\t\t\t<\/span>\n\t\t<\/div>\n\t\t\t\t\t\t<\/div>\n\t\t\t\t<\/div>\n\t\t\t\t\t<\/div>\n\t\t<\/div>\n\t\t\t\t\t<\/div>\n\t\t<\/section>\n\t\t\t\t<section class=\"elementor-section elementor-top-section elementor-element elementor-element-84d1940 elementor-section-boxed elementor-section-height-default elementor-section-height-default\" data-id=\"84d1940\" data-element_type=\"section\" data-e-type=\"section\">\n\t\t\t\t\t\t<div class=\"elementor-container elementor-column-gap-default\">\n\t\t\t\t\t<div class=\"elementor-column elementor-col-100 elementor-top-column elementor-element elementor-element-b00ba74\" data-id=\"b00ba74\" data-element_type=\"column\" data-e-type=\"column\">\n\t\t\t<div class=\"elementor-widget-wrap elementor-element-populated\">\n\t\t\t\t\t\t<div class=\"elementor-element elementor-element-940fc0f elementor-widget elementor-widget-heading\" data-id=\"940fc0f\" data-element_type=\"widget\" data-e-type=\"widget\" data-widget_type=\"heading.default\">\n\t\t\t\t<div class=\"elementor-widget-container\">\n\t\t\t\t\t<h2 class=\"elementor-heading-title elementor-size-default\">Messfeier Hospizverein Waidhofen an der Thaya<\/h2>\t\t\t\t<\/div>\n\t\t\t\t<\/div>\n\t\t\t\t\t<\/div>\n\t\t<\/div>\n\t\t\t\t\t<\/div>\n\t\t<\/section>\n\t\t\t\t<section class=\"elementor-section elementor-top-section elementor-element elementor-element-59168dc elementor-section-boxed elementor-section-height-default elementor-section-height-default\" data-id=\"59168dc\" data-element_type=\"section\" data-e-type=\"section\">\n\t\t\t\t\t\t<div class=\"elementor-container elementor-column-gap-default\">\n\t\t\t\t\t<div class=\"elementor-column elementor-col-100 elementor-top-column elementor-element elementor-element-7dd4ba5\" data-id=\"7dd4ba5\" data-element_type=\"column\" data-e-type=\"column\">\n\t\t\t<div class=\"elementor-widget-wrap elementor-element-populated\">\n\t\t\t\t\t\t<div class=\"elementor-element elementor-element-7866b08 elementor-widget elementor-widget-text-editor\" data-id=\"7866b08\" data-element_type=\"widget\" data-e-type=\"widget\" data-widget_type=\"text-editor.default\">\n\t\t\t\t<div class=\"elementor-widget-container\">\n\t\t\t\t\t\t\t\t\t<p>5. Oktober 2014 &#8211; Stadpfarrkirche Waidhofen an dern Thaya<\/p>\t\t\t\t\t\t\t\t<\/div>\n\t\t\t\t<\/div>\n\t\t\t\t\t<\/div>\n\t\t<\/div>\n\t\t\t\t\t<\/div>\n\t\t<\/section>\n\t\t\t\t<section class=\"elementor-section elementor-top-section elementor-element elementor-element-445b553 elementor-section-boxed elementor-section-height-default elementor-section-height-default\" data-id=\"445b553\" data-element_type=\"section\" data-e-type=\"section\">\n\t\t\t\t\t\t<div class=\"elementor-container elementor-column-gap-default\">\n\t\t\t\t\t<div class=\"elementor-column elementor-col-66 elementor-top-column elementor-element elementor-element-122d1e4\" data-id=\"122d1e4\" data-element_type=\"column\" data-e-type=\"column\">\n\t\t\t<div class=\"elementor-widget-wrap elementor-element-populated\">\n\t\t\t\t\t\t<div class=\"elementor-element elementor-element-b11fa7f elementor-widget elementor-widget-text-editor\" data-id=\"b11fa7f\" data-element_type=\"widget\" data-e-type=\"widget\" data-widget_type=\"text-editor.default\">\n\t\t\t\t<div class=\"elementor-widget-container\">\n\t\t\t\t\t\t\t\t\t<p>Das Ensemble nahm &#8211; wie bereits in den Jahren zuvor &#8211; die Einladung, die j\u00e4hrliche Messfeier des Hospizvereines Waldviertel\/Waidhofen\/Th. musikalisch zu gestalten, sehr gerne an.<\/p><p>Auf speziellen Wunsch der Miterbeiterinnen der Hospizbewegung widmeten wir das Schlussst\u00fcck (&#8222;Trumpet Voluntary&#8220;) Frau C\u00e4cilia Schmidt (die nicht nur seit der Gr\u00fcndung des Hospizvereines vor inzwischen 14 Jahren im Dienst der Menschlichkeit steht sondern auch Kassaf\u00fchrungstellvertreterin ist) zu Ihrem 80. Geburtstag.<\/p><p>Nicht dem Leben mehr Tage geben, sondern den Tagen mehr Leben. Diese Aussage von Cicely Saunders, der Begr\u00fcnderin der modernen Hospizbewegung, ist auch der Leitgedanke des Hospizvereines Waldviertel mit Sitz in Waidhofen\/Thaya.<\/p>\t\t\t\t\t\t\t\t<\/div>\n\t\t\t\t<\/div>\n\t\t\t\t\t<\/div>\n\t\t<\/div>\n\t\t\t\t<div class=\"elementor-column elementor-col-33 elementor-top-column elementor-element elementor-element-b41e600\" data-id=\"b41e600\" data-element_type=\"column\" data-e-type=\"column\">\n\t\t\t<div class=\"elementor-widget-wrap elementor-element-populated\">\n\t\t\t\t\t\t<div class=\"elementor-element elementor-element-e92c1b3 elementor-widget elementor-widget-image\" data-id=\"e92c1b3\" data-element_type=\"widget\" data-e-type=\"widget\" data-widget_type=\"image.default\">\n\t\t\t\t<div class=\"elementor-widget-container\">\n\t\t\t\t\t\t\t\t\t\t\t\t\t\t\t<img loading=\"lazy\" decoding=\"async\" width=\"69\" height=\"100\" src=\"https:\/\/ensemblewieczorek.at\/wp-content\/uploads\/2023\/07\/logo_hospiz_noe100.jpg\" class=\"attachment-large size-large wp-image-393\" alt=\"\" \/>\t\t\t\t\t\t\t\t\t\t\t\t\t\t\t<\/div>\n\t\t\t\t<\/div>\n\t\t\t\t\t<\/div>\n\t\t<\/div>\n\t\t\t\t\t<\/div>\n\t\t<\/section>\n\t\t\t\t<section class=\"elementor-section elementor-top-section elementor-element elementor-element-7dacd17 elementor-section-boxed elementor-section-height-default elementor-section-height-default\" data-id=\"7dacd17\" data-element_type=\"section\" data-e-type=\"section\">\n\t\t\t\t\t\t<div class=\"elementor-container elementor-column-gap-default\">\n\t\t\t\t\t<div class=\"elementor-column elementor-col-100 elementor-top-column elementor-element elementor-element-292afbb\" data-id=\"292afbb\" data-element_type=\"column\" data-e-type=\"column\">\n\t\t\t<div class=\"elementor-widget-wrap elementor-element-populated\">\n\t\t\t\t\t\t<div class=\"elementor-element elementor-element-a1ad1c6 elementor-widget elementor-widget-image\" data-id=\"a1ad1c6\" data-element_type=\"widget\" data-e-type=\"widget\" data-widget_type=\"image.default\">\n\t\t\t\t<div class=\"elementor-widget-container\">\n\t\t\t\t\t\t\t\t\t\t\t\t\t\t\t<img loading=\"lazy\" decoding=\"async\" width=\"425\" height=\"623\" src=\"https:\/\/ensemblewieczorek.at\/wp-content\/uploads\/2023\/07\/brief.png\" class=\"attachment-large size-large wp-image-408\" alt=\"handgeschriebener Brief\" srcset=\"https:\/\/ensemblewieczorek.at\/wp-content\/uploads\/2023\/07\/brief.png 425w, https:\/\/ensemblewieczorek.at\/wp-content\/uploads\/2023\/07\/brief-205x300.png 205w\" sizes=\"(max-width: 425px) 100vw, 425px\" \/>\t\t\t\t\t\t\t\t\t\t\t\t\t\t\t<\/div>\n\t\t\t\t<\/div>\n\t\t\t\t\t<\/div>\n\t\t<\/div>\n\t\t\t\t\t<\/div>\n\t\t<\/section>\n\t\t\t\t<section class=\"elementor-section elementor-top-section elementor-element elementor-element-d9ba17e elementor-section-boxed elementor-section-height-default elementor-section-height-default\" data-id=\"d9ba17e\" data-element_type=\"section\" data-e-type=\"section\">\n\t\t\t\t\t\t<div class=\"elementor-container elementor-column-gap-default\">\n\t\t\t\t\t<div class=\"elementor-column elementor-col-100 elementor-top-column elementor-element elementor-element-38b8b91\" data-id=\"38b8b91\" data-element_type=\"column\" data-e-type=\"column\">\n\t\t\t<div class=\"elementor-widget-wrap elementor-element-populated\">\n\t\t\t\t\t\t<div class=\"elementor-element elementor-element-465315b elementor-widget-divider--view-line elementor-widget elementor-widget-divider\" data-id=\"465315b\" data-element_type=\"widget\" data-e-type=\"widget\" data-widget_type=\"divider.default\">\n\t\t\t\t<div class=\"elementor-widget-container\">\n\t\t\t\t\t\t\t<div class=\"elementor-divider\">\n\t\t\t<span class=\"elementor-divider-separator\">\n\t\t\t\t\t\t<\/span>\n\t\t<\/div>\n\t\t\t\t\t\t<\/div>\n\t\t\t\t<\/div>\n\t\t\t\t\t<\/div>\n\t\t<\/div>\n\t\t\t\t\t<\/div>\n\t\t<\/section>\n\t\t\t\t<section class=\"elementor-section elementor-top-section elementor-element elementor-element-0c11bbd elementor-section-boxed elementor-section-height-default elementor-section-height-default\" data-id=\"0c11bbd\" data-element_type=\"section\" data-e-type=\"section\">\n\t\t\t\t\t\t<div class=\"elementor-container elementor-column-gap-default\">\n\t\t\t\t\t<div class=\"elementor-column elementor-col-100 elementor-top-column elementor-element elementor-element-72f234e\" data-id=\"72f234e\" data-element_type=\"column\" data-e-type=\"column\">\n\t\t\t<div class=\"elementor-widget-wrap elementor-element-populated\">\n\t\t\t\t\t\t<div class=\"elementor-element elementor-element-909a97a elementor-widget elementor-widget-heading\" data-id=\"909a97a\" data-element_type=\"widget\" data-e-type=\"widget\" data-widget_type=\"heading.default\">\n\t\t\t\t<div class=\"elementor-widget-container\">\n\t\t\t\t\t<h2 class=\"elementor-heading-title elementor-size-default\">\"All Around The World\"<\/h2>\t\t\t\t<\/div>\n\t\t\t\t<\/div>\n\t\t\t\t\t<\/div>\n\t\t<\/div>\n\t\t\t\t\t<\/div>\n\t\t<\/section>\n\t\t\t\t<section class=\"elementor-section elementor-top-section elementor-element elementor-element-bc17229 elementor-section-boxed elementor-section-height-default elementor-section-height-default\" data-id=\"bc17229\" data-element_type=\"section\" data-e-type=\"section\">\n\t\t\t\t\t\t<div class=\"elementor-container elementor-column-gap-default\">\n\t\t\t\t\t<div class=\"elementor-column elementor-col-100 elementor-top-column elementor-element elementor-element-53a90b7\" data-id=\"53a90b7\" data-element_type=\"column\" data-e-type=\"column\">\n\t\t\t<div class=\"elementor-widget-wrap elementor-element-populated\">\n\t\t\t\t\t\t<div class=\"elementor-element elementor-element-13a2cb9 elementor-widget elementor-widget-text-editor\" data-id=\"13a2cb9\" data-element_type=\"widget\" data-e-type=\"widget\" data-widget_type=\"text-editor.default\">\n\t\t\t\t<div class=\"elementor-widget-container\">\n\t\t\t\t\t\t\t\t\t<p>11. Mai 2013 &#8211; Stadtsaal Waidhofen an der Thaya<\/p>\t\t\t\t\t\t\t\t<\/div>\n\t\t\t\t<\/div>\n\t\t\t\t\t<\/div>\n\t\t<\/div>\n\t\t\t\t\t<\/div>\n\t\t<\/section>\n\t\t\t\t<section class=\"elementor-section elementor-top-section elementor-element elementor-element-ed8a75b elementor-section-boxed elementor-section-height-default elementor-section-height-default\" data-id=\"ed8a75b\" data-element_type=\"section\" data-e-type=\"section\">\n\t\t\t\t\t\t<div class=\"elementor-container elementor-column-gap-default\">\n\t\t\t\t\t<div class=\"elementor-column elementor-col-66 elementor-top-column elementor-element elementor-element-e828960\" data-id=\"e828960\" data-element_type=\"column\" data-e-type=\"column\">\n\t\t\t<div class=\"elementor-widget-wrap elementor-element-populated\">\n\t\t\t\t\t\t<div class=\"elementor-element elementor-element-081cfa9 elementor-widget elementor-widget-text-editor\" data-id=\"081cfa9\" data-element_type=\"widget\" data-e-type=\"widget\" data-widget_type=\"text-editor.default\">\n\t\t\t\t<div class=\"elementor-widget-container\">\n\t\t\t\t\t\t\t\t\t<p>Am Samstag, 11. Mai 2013 war das Ensemble Wieczorek von der \u201eBig Band Waidhofen\/Thaya\u201c eingeladen, als Gast beim Konzert, das unter dem Thema \u201eAll around the world\u201c stand, mitzuwirken. Die Idee eines gemeinsames Konzertes entstand einerseits aus dem Bestreben zum gemeinsamen Musizierens zweier etablierte und erfahrene \u201eEnsembles\u201c , andererseits auch als Hommage an unser Ensemble, das ja heuer, 2013, seinen 40. Geburtstag feiert<\/p>\n<p>Akkordeonensemble- und Big-Band-Sound!? Der Applaus des den Stadtsaal Waidhofen\/Thaya bis auf den letzten Platz f\u00fcllende Publikums best\u00e4tigte das Experiment als gelungen.<\/p>\n<p>Den erstenTeil des Konzertes bestritt die Waidhofener Big Band Formation mit mitrei\u00dfendem Sound. Im zweiten Teil schlie\u00dflich der Auftritt des Ensemble Wieczorek: \u201eWalzer Nr. 2\u201c (Schostakovitsch) und \u201eLibertango\u201c wurden vom Ensemble interpretiert \u2013 mit \u201eStanding ovations\u201c belohnten uns die vielen Konzertbesucher. \u201eFuga y Misterio\u201c (Piazzolla) schlie\u00dflich wurden in einem Arrangement des Big Band Leiters Markus Zahrl vom Akkordeonensemble und der Big Band gemeinsam interpretiert. Die Klangmischung wurde von den Zuh\u00f6rern im Saal offensichtlich nicht nur als \u201egelungen\u201c beurteilt.<\/p>\n<p>Schlie\u00dflich \u2013 und das hat unser (akkordeonistisches ) Herz schon ganz besonders zum Beben gebracht &#8211; bekamen wir \u2013 auf Initiative des sehr humorvollen und launigen Moderators Michael Zahrl \u2013 vom spontan gebildeten \u201eSaalchor\u201c mit \u201eHappy Birthday\u201c ein lauthals gesungenes Geburtstagsst\u00e4ndchen geschenkt \u2013 passiert halt nicht alle Tage, dass ein Akkordeonensemble auf eine 40-j\u00e4hrige Geschicht zur\u00fcckblicken kann&#8230;<\/p>\t\t\t\t\t\t\t\t<\/div>\n\t\t\t\t<\/div>\n\t\t\t\t\t<\/div>\n\t\t<\/div>\n\t\t\t\t<div class=\"elementor-column elementor-col-33 elementor-top-column elementor-element elementor-element-1405819\" data-id=\"1405819\" data-element_type=\"column\" data-e-type=\"column\">\n\t\t\t<div class=\"elementor-widget-wrap elementor-element-populated\">\n\t\t\t\t\t\t<div class=\"elementor-element elementor-element-95a4311 elementor-widget elementor-widget-image\" data-id=\"95a4311\" data-element_type=\"widget\" data-e-type=\"widget\" data-widget_type=\"image.default\">\n\t\t\t\t<div class=\"elementor-widget-container\">\n\t\t\t\t\t\t\t\t\t\t\t\t\t\t\t<img loading=\"lazy\" decoding=\"async\" width=\"765\" height=\"1024\" src=\"https:\/\/ensemblewieczorek.at\/wp-content\/uploads\/2023\/07\/logo_bigband-wt-765x1024.jpg\" class=\"attachment-large size-large wp-image-409\" alt=\"\" srcset=\"https:\/\/ensemblewieczorek.at\/wp-content\/uploads\/2023\/07\/logo_bigband-wt-765x1024.jpg 765w, https:\/\/ensemblewieczorek.at\/wp-content\/uploads\/2023\/07\/logo_bigband-wt-224x300.jpg 224w, https:\/\/ensemblewieczorek.at\/wp-content\/uploads\/2023\/07\/logo_bigband-wt-768x1028.jpg 768w, https:\/\/ensemblewieczorek.at\/wp-content\/uploads\/2023\/07\/logo_bigband-wt-1147x1536.jpg 1147w, https:\/\/ensemblewieczorek.at\/wp-content\/uploads\/2023\/07\/logo_bigband-wt-1530x2048.jpg 1530w, https:\/\/ensemblewieczorek.at\/wp-content\/uploads\/2023\/07\/logo_bigband-wt-scaled.jpg 1912w\" sizes=\"(max-width: 765px) 100vw, 765px\" \/>\t\t\t\t\t\t\t\t\t\t\t\t\t\t\t<\/div>\n\t\t\t\t<\/div>\n\t\t\t\t\t<\/div>\n\t\t<\/div>\n\t\t\t\t\t<\/div>\n\t\t<\/section>\n\t\t\t\t<section class=\"elementor-section elementor-top-section elementor-element elementor-element-dd96a72 elementor-section-boxed elementor-section-height-default elementor-section-height-default\" data-id=\"dd96a72\" data-element_type=\"section\" data-e-type=\"section\">\n\t\t\t\t\t\t<div class=\"elementor-container elementor-column-gap-default\">\n\t\t\t\t\t<div class=\"elementor-column elementor-col-100 elementor-top-column elementor-element elementor-element-39d5148\" data-id=\"39d5148\" data-element_type=\"column\" data-e-type=\"column\">\n\t\t\t<div class=\"elementor-widget-wrap elementor-element-populated\">\n\t\t\t\t\t\t<div class=\"elementor-element elementor-element-52ef1ae elementor-widget-divider--view-line elementor-widget elementor-widget-divider\" data-id=\"52ef1ae\" data-element_type=\"widget\" data-e-type=\"widget\" data-widget_type=\"divider.default\">\n\t\t\t\t<div class=\"elementor-widget-container\">\n\t\t\t\t\t\t\t<div class=\"elementor-divider\">\n\t\t\t<span class=\"elementor-divider-separator\">\n\t\t\t\t\t\t<\/span>\n\t\t<\/div>\n\t\t\t\t\t\t<\/div>\n\t\t\t\t<\/div>\n\t\t\t\t\t<\/div>\n\t\t<\/div>\n\t\t\t\t\t<\/div>\n\t\t<\/section>\n\t\t\t\t<section class=\"elementor-section elementor-top-section elementor-element elementor-element-4818b24 elementor-section-boxed elementor-section-height-default elementor-section-height-default\" data-id=\"4818b24\" data-element_type=\"section\" data-e-type=\"section\">\n\t\t\t\t\t\t<div class=\"elementor-container elementor-column-gap-default\">\n\t\t\t\t\t<div class=\"elementor-column elementor-col-100 elementor-top-column elementor-element elementor-element-8b93cf0\" data-id=\"8b93cf0\" data-element_type=\"column\" data-e-type=\"column\">\n\t\t\t<div class=\"elementor-widget-wrap elementor-element-populated\">\n\t\t\t\t\t\t<div class=\"elementor-element elementor-element-466a56b elementor-widget elementor-widget-heading\" data-id=\"466a56b\" data-element_type=\"widget\" data-e-type=\"widget\" data-widget_type=\"heading.default\">\n\t\t\t\t<div class=\"elementor-widget-container\">\n\t\t\t\t\t<h2 class=\"elementor-heading-title elementor-size-default\">40 Jahre Ensemble Wieczorek<\/h2>\t\t\t\t<\/div>\n\t\t\t\t<\/div>\n\t\t\t\t\t<\/div>\n\t\t<\/div>\n\t\t\t\t\t<\/div>\n\t\t<\/section>\n\t\t\t\t<section class=\"elementor-section elementor-top-section elementor-element elementor-element-cb21dff elementor-section-boxed elementor-section-height-default elementor-section-height-default\" data-id=\"cb21dff\" data-element_type=\"section\" data-e-type=\"section\">\n\t\t\t\t\t\t<div class=\"elementor-container elementor-column-gap-default\">\n\t\t\t\t\t<div class=\"elementor-column elementor-col-100 elementor-top-column elementor-element elementor-element-dbbb819\" data-id=\"dbbb819\" data-element_type=\"column\" data-e-type=\"column\">\n\t\t\t<div class=\"elementor-widget-wrap elementor-element-populated\">\n\t\t\t\t\t\t<div class=\"elementor-element elementor-element-b592a40 elementor-widget elementor-widget-text-editor\" data-id=\"b592a40\" data-element_type=\"widget\" data-e-type=\"widget\" data-widget_type=\"text-editor.default\">\n\t\t\t\t<div class=\"elementor-widget-container\">\n\t\t\t\t\t\t\t\t\t<p>6. April 2013 &#8211; Stadtsaal Waidhofen an der Thaya<\/p>\t\t\t\t\t\t\t\t<\/div>\n\t\t\t\t<\/div>\n\t\t\t\t\t<\/div>\n\t\t<\/div>\n\t\t\t\t\t<\/div>\n\t\t<\/section>\n\t\t\t\t<section class=\"elementor-section elementor-top-section elementor-element elementor-element-52dc104 elementor-section-boxed elementor-section-height-default elementor-section-height-default\" data-id=\"52dc104\" data-element_type=\"section\" data-e-type=\"section\">\n\t\t\t\t\t\t<div class=\"elementor-container elementor-column-gap-default\">\n\t\t\t\t\t<div class=\"elementor-column elementor-col-100 elementor-top-column elementor-element elementor-element-9699a01\" data-id=\"9699a01\" data-element_type=\"column\" data-e-type=\"column\">\n\t\t\t<div class=\"elementor-widget-wrap elementor-element-populated\">\n\t\t\t\t\t\t<div class=\"elementor-element elementor-element-6c3264c elementor-widget elementor-widget-text-editor\" data-id=\"6c3264c\" data-element_type=\"widget\" data-e-type=\"widget\" data-widget_type=\"text-editor.default\">\n\t\t\t\t<div class=\"elementor-widget-container\">\n\t\t\t\t\t\t\t\t\t<p>Wir danken allen, die Samstag abend unser Konzert besucht und gemeinsam mit uns 40 Jahre Ensemble Wieczorek gefeiert haben. Wir freuen uns und sind auch ein bisschen stolz, dass wir auf so viele Freunde unserer Musik z\u00e4hlen k\u00f6nnen und somit der Saal bis auf wenige Pl\u00e4tze voll besetzt war. Wir hoffen, Ihnen einen unterhaltsamen und entspannten Abend mit Akkordeonmusik und der launigen Moderation von Helmut Hutter bereitet zu haben.<\/p><p>Wenn es Ihnen gefallen hat, erz\u00e4hlen Sie es bitte weiter, wenn nicht, behalten Sie es f\u00fcr sich!<\/p><p>Auf Wiedersehen bei einem unserer n\u00e4chsten Auftritte!<\/p>\t\t\t\t\t\t\t\t<\/div>\n\t\t\t\t<\/div>\n\t\t\t\t<div class=\"elementor-element elementor-element-cfbff33 elementor-widget elementor-widget-image\" data-id=\"cfbff33\" data-element_type=\"widget\" data-e-type=\"widget\" data-widget_type=\"image.default\">\n\t\t\t\t<div class=\"elementor-widget-container\">\n\t\t\t\t\t\t\t\t\t\t\t\t\t\t\t<img loading=\"lazy\" decoding=\"async\" width=\"768\" height=\"576\" src=\"https:\/\/ensemblewieczorek.at\/wp-content\/uploads\/2025\/08\/Bild-29.08.25-um-22.24-768x576.jpeg\" class=\"attachment-medium_large size-medium_large wp-image-877\" alt=\"\" srcset=\"https:\/\/ensemblewieczorek.at\/wp-content\/uploads\/2025\/08\/Bild-29.08.25-um-22.24-768x576.jpeg 768w, https:\/\/ensemblewieczorek.at\/wp-content\/uploads\/2025\/08\/Bild-29.08.25-um-22.24-300x225.jpeg 300w, https:\/\/ensemblewieczorek.at\/wp-content\/uploads\/2025\/08\/Bild-29.08.25-um-22.24-1024x767.jpeg 1024w, https:\/\/ensemblewieczorek.at\/wp-content\/uploads\/2025\/08\/Bild-29.08.25-um-22.24-1536x1151.jpeg 1536w, https:\/\/ensemblewieczorek.at\/wp-content\/uploads\/2025\/08\/Bild-29.08.25-um-22.24.jpeg 1868w\" sizes=\"(max-width: 768px) 100vw, 768px\" \/>\t\t\t\t\t\t\t\t\t\t\t\t\t\t\t<\/div>\n\t\t\t\t<\/div>\n\t\t\t\t<div class=\"elementor-element elementor-element-317e52b elementor-widget elementor-widget-text-editor\" data-id=\"317e52b\" data-element_type=\"widget\" data-e-type=\"widget\" data-widget_type=\"text-editor.default\">\n\t\t\t\t<div class=\"elementor-widget-container\">\n\t\t\t\t\t\t\t\t\t<p>v.l.n.r.: Martina Wurz, Christian Flicker, Rosalinde Steinberger, Franz Wieczorek, Monika \u00d6hlknecht, Bernhard Rotter, Doris Kraus, Fritz K\u00f6nig<\/p>\t\t\t\t\t\t\t\t<\/div>\n\t\t\t\t<\/div>\n\t\t\t\t\t<\/div>\n\t\t<\/div>\n\t\t\t\t\t<\/div>\n\t\t<\/section>\n\t\t\t\t<section class=\"elementor-section elementor-top-section elementor-element elementor-element-5dcc5b9 elementor-section-boxed elementor-section-height-default elementor-section-height-default\" data-id=\"5dcc5b9\" data-element_type=\"section\" data-e-type=\"section\">\n\t\t\t\t\t\t<div class=\"elementor-container elementor-column-gap-default\">\n\t\t\t\t\t<div class=\"elementor-column elementor-col-100 elementor-top-column elementor-element elementor-element-8af638c\" data-id=\"8af638c\" data-element_type=\"column\" data-e-type=\"column\">\n\t\t\t<div class=\"elementor-widget-wrap elementor-element-populated\">\n\t\t\t\t\t\t<div class=\"elementor-element elementor-element-448ca20 elementor-widget elementor-widget-image\" data-id=\"448ca20\" data-element_type=\"widget\" data-e-type=\"widget\" data-widget_type=\"image.default\">\n\t\t\t\t<div class=\"elementor-widget-container\">\n\t\t\t\t\t\t\t\t\t\t\t\t\t\t\t<img loading=\"lazy\" decoding=\"async\" width=\"731\" height=\"1024\" src=\"https:\/\/ensemblewieczorek.at\/wp-content\/uploads\/2023\/07\/von-bach-bis-queen-3-731x1024.jpg\" class=\"attachment-large size-large wp-image-412\" alt=\"\" srcset=\"https:\/\/ensemblewieczorek.at\/wp-content\/uploads\/2023\/07\/von-bach-bis-queen-3-731x1024.jpg 731w, https:\/\/ensemblewieczorek.at\/wp-content\/uploads\/2023\/07\/von-bach-bis-queen-3-214x300.jpg 214w, https:\/\/ensemblewieczorek.at\/wp-content\/uploads\/2023\/07\/von-bach-bis-queen-3-768x1076.jpg 768w, https:\/\/ensemblewieczorek.at\/wp-content\/uploads\/2023\/07\/von-bach-bis-queen-3-1096x1536.jpg 1096w, https:\/\/ensemblewieczorek.at\/wp-content\/uploads\/2023\/07\/von-bach-bis-queen-3-1462x2048.jpg 1462w, https:\/\/ensemblewieczorek.at\/wp-content\/uploads\/2023\/07\/von-bach-bis-queen-3-scaled.jpg 1827w\" sizes=\"(max-width: 731px) 100vw, 731px\" \/>\t\t\t\t\t\t\t\t\t\t\t\t\t\t\t<\/div>\n\t\t\t\t<\/div>\n\t\t\t\t\t<\/div>\n\t\t<\/div>\n\t\t\t\t\t<\/div>\n\t\t<\/section>\n\t\t\t\t<section class=\"elementor-section elementor-top-section elementor-element elementor-element-bf9d2b8 elementor-section-boxed elementor-section-height-default elementor-section-height-default\" data-id=\"bf9d2b8\" data-element_type=\"section\" data-e-type=\"section\">\n\t\t\t\t\t\t<div class=\"elementor-container elementor-column-gap-default\">\n\t\t\t\t\t<div class=\"elementor-column elementor-col-100 elementor-top-column elementor-element elementor-element-8e9d202\" data-id=\"8e9d202\" data-element_type=\"column\" data-e-type=\"column\">\n\t\t\t<div class=\"elementor-widget-wrap elementor-element-populated\">\n\t\t\t\t\t\t<div class=\"elementor-element elementor-element-91b2b36 elementor-widget elementor-widget-image\" data-id=\"91b2b36\" data-element_type=\"widget\" data-e-type=\"widget\" data-widget_type=\"image.default\">\n\t\t\t\t<div class=\"elementor-widget-container\">\n\t\t\t\t\t\t\t\t\t\t\t\t\t\t\t<img loading=\"lazy\" decoding=\"async\" width=\"764\" height=\"1024\" src=\"https:\/\/ensemblewieczorek.at\/wp-content\/uploads\/2023\/07\/40-jahre-und-3-764x1024.jpg\" class=\"attachment-large size-large wp-image-411\" alt=\"\" srcset=\"https:\/\/ensemblewieczorek.at\/wp-content\/uploads\/2023\/07\/40-jahre-und-3-764x1024.jpg 764w, https:\/\/ensemblewieczorek.at\/wp-content\/uploads\/2023\/07\/40-jahre-und-3-224x300.jpg 224w, https:\/\/ensemblewieczorek.at\/wp-content\/uploads\/2023\/07\/40-jahre-und-3-768x1030.jpg 768w, https:\/\/ensemblewieczorek.at\/wp-content\/uploads\/2023\/07\/40-jahre-und-3-1145x1536.jpg 1145w, https:\/\/ensemblewieczorek.at\/wp-content\/uploads\/2023\/07\/40-jahre-und-3.jpg 1404w\" sizes=\"(max-width: 764px) 100vw, 764px\" \/>\t\t\t\t\t\t\t\t\t\t\t\t\t\t\t<\/div>\n\t\t\t\t<\/div>\n\t\t\t\t\t<\/div>\n\t\t<\/div>\n\t\t\t\t\t<\/div>\n\t\t<\/section>\n\t\t\t\t<section class=\"elementor-section elementor-top-section elementor-element elementor-element-8643097 elementor-section-boxed elementor-section-height-default elementor-section-height-default\" data-id=\"8643097\" data-element_type=\"section\" data-e-type=\"section\">\n\t\t\t\t\t\t<div class=\"elementor-container elementor-column-gap-default\">\n\t\t\t\t\t<div class=\"elementor-column elementor-col-100 elementor-top-column elementor-element elementor-element-7f24a9f\" data-id=\"7f24a9f\" data-element_type=\"column\" data-e-type=\"column\">\n\t\t\t<div class=\"elementor-widget-wrap elementor-element-populated\">\n\t\t\t\t\t\t<div class=\"elementor-element elementor-element-3970b93 elementor-widget-divider--view-line elementor-widget elementor-widget-divider\" data-id=\"3970b93\" data-element_type=\"widget\" data-e-type=\"widget\" data-widget_type=\"divider.default\">\n\t\t\t\t<div class=\"elementor-widget-container\">\n\t\t\t\t\t\t\t<div class=\"elementor-divider\">\n\t\t\t<span class=\"elementor-divider-separator\">\n\t\t\t\t\t\t<\/span>\n\t\t<\/div>\n\t\t\t\t\t\t<\/div>\n\t\t\t\t<\/div>\n\t\t\t\t\t<\/div>\n\t\t<\/div>\n\t\t\t\t\t<\/div>\n\t\t<\/section>\n\t\t\t\t<section class=\"elementor-section elementor-top-section elementor-element elementor-element-75014fa elementor-section-boxed elementor-section-height-default elementor-section-height-default\" data-id=\"75014fa\" data-element_type=\"section\" data-e-type=\"section\">\n\t\t\t\t\t\t<div class=\"elementor-container elementor-column-gap-default\">\n\t\t\t\t\t<div class=\"elementor-column elementor-col-100 elementor-top-column elementor-element elementor-element-71a59d5\" data-id=\"71a59d5\" data-element_type=\"column\" data-e-type=\"column\">\n\t\t\t<div class=\"elementor-widget-wrap elementor-element-populated\">\n\t\t\t\t\t\t<div class=\"elementor-element elementor-element-39a12db elementor-widget elementor-widget-heading\" data-id=\"39a12db\" data-element_type=\"widget\" data-e-type=\"widget\" data-widget_type=\"heading.default\">\n\t\t\t\t<div class=\"elementor-widget-container\">\n\t\t\t\t\t<h2 class=\"elementor-heading-title elementor-size-default\">Messfeier im Rahmen des Welthospiztages<\/h2>\t\t\t\t<\/div>\n\t\t\t\t<\/div>\n\t\t\t\t\t<\/div>\n\t\t<\/div>\n\t\t\t\t\t<\/div>\n\t\t<\/section>\n\t\t\t\t<section class=\"elementor-section elementor-top-section elementor-element elementor-element-50cc720 elementor-section-boxed elementor-section-height-default elementor-section-height-default\" data-id=\"50cc720\" data-element_type=\"section\" data-e-type=\"section\">\n\t\t\t\t\t\t<div class=\"elementor-container elementor-column-gap-default\">\n\t\t\t\t\t<div class=\"elementor-column elementor-col-100 elementor-top-column elementor-element elementor-element-5cdb7ee\" data-id=\"5cdb7ee\" data-element_type=\"column\" data-e-type=\"column\">\n\t\t\t<div class=\"elementor-widget-wrap elementor-element-populated\">\n\t\t\t\t\t\t<div class=\"elementor-element elementor-element-211265a elementor-widget elementor-widget-text-editor\" data-id=\"211265a\" data-element_type=\"widget\" data-e-type=\"widget\" data-widget_type=\"text-editor.default\">\n\t\t\t\t<div class=\"elementor-widget-container\">\n\t\t\t\t\t\t\t\t\t<p>7. Oktober 2012 &#8211; Stadtpfarrkirche Waidhofen an der Thaya<\/p>\t\t\t\t\t\t\t\t<\/div>\n\t\t\t\t<\/div>\n\t\t\t\t\t<\/div>\n\t\t<\/div>\n\t\t\t\t\t<\/div>\n\t\t<\/section>\n\t\t\t\t<section class=\"elementor-section elementor-top-section elementor-element elementor-element-910f26e elementor-section-boxed elementor-section-height-default elementor-section-height-default\" data-id=\"910f26e\" data-element_type=\"section\" data-e-type=\"section\">\n\t\t\t\t\t\t<div class=\"elementor-container elementor-column-gap-default\">\n\t\t\t\t\t<div class=\"elementor-column elementor-col-66 elementor-top-column elementor-element elementor-element-bd914ba\" data-id=\"bd914ba\" data-element_type=\"column\" data-e-type=\"column\">\n\t\t\t<div class=\"elementor-widget-wrap elementor-element-populated\">\n\t\t\t\t\t\t<div class=\"elementor-element elementor-element-d1f2d63 elementor-widget elementor-widget-text-editor\" data-id=\"d1f2d63\" data-element_type=\"widget\" data-e-type=\"widget\" data-widget_type=\"text-editor.default\">\n\t\t\t\t<div class=\"elementor-widget-container\">\n\t\t\t\t\t\t\t\t\t<p>Am 7. Oktober war das ENSEMBLE WIECZOREK eingeladen die feierliche Dankmesse des Hospizvereines Waidhofen an der Thaya in der Stadtpfarrkirche musikalisch zu gestalten. Wir nahmen diese Einladung sehr gerne an und w\u00fcnschen der Hospizbewegung bei der Begleitung von schwerstkranken und sterbenden Menschen, Unterst\u00fctzung und Beistand f\u00fcr Angeh\u00f6rige und Freunde noch viel Erfolg und viele erf\u00fcllte Momente bei dieser schwierigen Aufgabe.<\/p>\n<p>Zur Er\u00f6ffnung wurde &#8222;Go Down, Moses&#8220; interpretiert, einige Teile wurden der Schubert-Messe entnommen. Feierlich und sublim erklang &#8222;Tanti Anni Primo&#8220; (Astor Piazzollas &#8222;Ave Maria&#8220;&nbsp; aus dem Marco Bellocchio Film &#8220; Enrico IV&#8220;, der auf Luigi Pirandello&#8217;s &#8211; Literaturnobelpreistr\u00e4ger 1934 &#8211; Theaterst\u00fcck gleichen Titels basiert), zum Abschluss der Messfeier f\u00fcllten die Kl\u00e4nge von &#8222;You Raise Me Up&#8220; den Kirchenraum&#8230;<\/p>\n<p>Lyrics:<\/p>\n<p>You raise me up, so I can stand on mountains; <br>You raise me up, to walk on stormy seas; <br>I am strong, when I am on your shoulders; <br>You raise me up&#8230; To more than I can be.<\/p>\n<p>Du munterst mich auf, so dass ich auf einem Berg bestehen k\u00f6nnte<br>Du munterst mich auf, so dass ich eine st\u00fcrmische See \u00fcberstehe<br>Ich bin stark, wenn ich an deiner Seite bin<br>Du ermutigst mich \u00fcber mich hinauszuwachsen&#8230;<\/p>\t\t\t\t\t\t\t\t<\/div>\n\t\t\t\t<\/div>\n\t\t\t\t\t<\/div>\n\t\t<\/div>\n\t\t\t\t<div class=\"elementor-column elementor-col-33 elementor-top-column elementor-element elementor-element-a85ee80\" data-id=\"a85ee80\" data-element_type=\"column\" data-e-type=\"column\">\n\t\t\t<div class=\"elementor-widget-wrap elementor-element-populated\">\n\t\t\t\t\t\t<div class=\"elementor-element elementor-element-0aecd53 elementor-widget elementor-widget-image\" data-id=\"0aecd53\" data-element_type=\"widget\" data-e-type=\"widget\" data-widget_type=\"image.default\">\n\t\t\t\t<div class=\"elementor-widget-container\">\n\t\t\t\t\t\t\t\t\t\t\t\t\t\t\t<img loading=\"lazy\" decoding=\"async\" width=\"69\" height=\"100\" src=\"https:\/\/ensemblewieczorek.at\/wp-content\/uploads\/2023\/07\/logo_hospiz_noe100.jpg\" class=\"attachment-large size-large wp-image-393\" alt=\"\" \/>\t\t\t\t\t\t\t\t\t\t\t\t\t\t\t<\/div>\n\t\t\t\t<\/div>\n\t\t\t\t<div class=\"elementor-element elementor-element-2b31a22 elementor-widget elementor-widget-image\" data-id=\"2b31a22\" data-element_type=\"widget\" data-e-type=\"widget\" data-widget_type=\"image.default\">\n\t\t\t\t<div class=\"elementor-widget-container\">\n\t\t\t\t\t\t\t\t\t\t\t\t\t\t\t<img loading=\"lazy\" decoding=\"async\" width=\"170\" height=\"255\" src=\"https:\/\/ensemblewieczorek.at\/wp-content\/uploads\/2023\/07\/170px-Stadtpfarrkirche_WaidhofenThaya.jpg\" class=\"attachment-large size-large wp-image-413\" alt=\"\" \/>\t\t\t\t\t\t\t\t\t\t\t\t\t\t\t<\/div>\n\t\t\t\t<\/div>\n\t\t\t\t\t<\/div>\n\t\t<\/div>\n\t\t\t\t\t<\/div>\n\t\t<\/section>\n\t\t\t\t<section class=\"elementor-section elementor-top-section elementor-element elementor-element-ad9dc2a elementor-section-boxed elementor-section-height-default elementor-section-height-default\" data-id=\"ad9dc2a\" data-element_type=\"section\" data-e-type=\"section\">\n\t\t\t\t\t\t<div class=\"elementor-container elementor-column-gap-default\">\n\t\t\t\t\t<div class=\"elementor-column elementor-col-100 elementor-top-column elementor-element elementor-element-d715e3b\" data-id=\"d715e3b\" data-element_type=\"column\" data-e-type=\"column\">\n\t\t\t<div class=\"elementor-widget-wrap elementor-element-populated\">\n\t\t\t\t\t\t<div class=\"elementor-element elementor-element-fb1d026 elementor-widget-divider--view-line elementor-widget elementor-widget-divider\" data-id=\"fb1d026\" data-element_type=\"widget\" data-e-type=\"widget\" data-widget_type=\"divider.default\">\n\t\t\t\t<div class=\"elementor-widget-container\">\n\t\t\t\t\t\t\t<div class=\"elementor-divider\">\n\t\t\t<span class=\"elementor-divider-separator\">\n\t\t\t\t\t\t<\/span>\n\t\t<\/div>\n\t\t\t\t\t\t<\/div>\n\t\t\t\t<\/div>\n\t\t\t\t\t<\/div>\n\t\t<\/div>\n\t\t\t\t\t<\/div>\n\t\t<\/section>\n\t\t\t\t<section class=\"elementor-section elementor-top-section elementor-element elementor-element-70f256c elementor-section-boxed elementor-section-height-default elementor-section-height-default\" data-id=\"70f256c\" data-element_type=\"section\" data-e-type=\"section\">\n\t\t\t\t\t\t<div class=\"elementor-container elementor-column-gap-default\">\n\t\t\t\t\t<div class=\"elementor-column elementor-col-100 elementor-top-column elementor-element elementor-element-fb3504d\" data-id=\"fb3504d\" data-element_type=\"column\" data-e-type=\"column\">\n\t\t\t<div class=\"elementor-widget-wrap elementor-element-populated\">\n\t\t\t\t\t\t<div class=\"elementor-element elementor-element-5b7ac58 elementor-widget elementor-widget-heading\" data-id=\"5b7ac58\" data-element_type=\"widget\" data-e-type=\"widget\" data-widget_type=\"heading.default\">\n\t\t\t\t<div class=\"elementor-widget-container\">\n\t\t\t\t\t<h2 class=\"elementor-heading-title elementor-size-default\">Radio Nieder\u00f6sterreich Fr\u00fchschoppen<\/h2>\t\t\t\t<\/div>\n\t\t\t\t<\/div>\n\t\t\t\t\t<\/div>\n\t\t<\/div>\n\t\t\t\t\t<\/div>\n\t\t<\/section>\n\t\t\t\t<section class=\"elementor-section elementor-top-section elementor-element elementor-element-aebae29 elementor-section-boxed elementor-section-height-default elementor-section-height-default\" data-id=\"aebae29\" data-element_type=\"section\" data-e-type=\"section\">\n\t\t\t\t\t\t<div class=\"elementor-container elementor-column-gap-default\">\n\t\t\t\t\t<div class=\"elementor-column elementor-col-100 elementor-top-column elementor-element elementor-element-6eaa4fb\" data-id=\"6eaa4fb\" data-element_type=\"column\" data-e-type=\"column\">\n\t\t\t<div class=\"elementor-widget-wrap elementor-element-populated\">\n\t\t\t\t\t\t<div class=\"elementor-element elementor-element-bb38c67 elementor-widget elementor-widget-text-editor\" data-id=\"bb38c67\" data-element_type=\"widget\" data-e-type=\"widget\" data-widget_type=\"text-editor.default\">\n\t\t\t\t<div class=\"elementor-widget-container\">\n\t\t\t\t\t\t\t\t\t<p>20. Mai 2012, 11:00 &#8211; Live aus dem Stadtsaal Waidhofen an der Thaya anl\u00e4sslich<br \/>\u201e100 Jahre kaufm\u00e4nnische Schulen in Waidhofen\/Thaya\u201c <\/p>\t\t\t\t\t\t\t\t<\/div>\n\t\t\t\t<\/div>\n\t\t\t\t\t<\/div>\n\t\t<\/div>\n\t\t\t\t\t<\/div>\n\t\t<\/section>\n\t\t\t\t<section class=\"elementor-section elementor-top-section elementor-element elementor-element-d39eb29 elementor-section-boxed elementor-section-height-default elementor-section-height-default\" data-id=\"d39eb29\" data-element_type=\"section\" data-e-type=\"section\">\n\t\t\t\t\t\t<div class=\"elementor-container elementor-column-gap-default\">\n\t\t\t\t\t<div class=\"elementor-column elementor-col-66 elementor-top-column elementor-element elementor-element-d2690b1\" data-id=\"d2690b1\" data-element_type=\"column\" data-e-type=\"column\">\n\t\t\t<div class=\"elementor-widget-wrap elementor-element-populated\">\n\t\t\t\t\t\t<div class=\"elementor-element elementor-element-80341b4 elementor-widget elementor-widget-text-editor\" data-id=\"80341b4\" data-element_type=\"widget\" data-e-type=\"widget\" data-widget_type=\"text-editor.default\">\n\t\t\t\t<div class=\"elementor-widget-container\">\n\t\t\t\t\t\t\t\t\t<p>Moderatorin Birgit Perl (ORF Landesstudio Nieder\u00f6sterreich) gelang es neben perfekter Stimmungsmache im vollbesetzten Stadtsaal Waidhofen eine sowohl straff durchorganisierte wie auch unterhaltsame und informative Sendung zu gestalten. Im Live-Interview erz\u00e4hlte Franz Wieczorek in kurzen Worten Entstehungsgeschichte und Werdegang des Ensembles und berichtete von knapp 250 Auftritten vor Publikum sowie von unseren Erfolgen bei Wettbewerben (N\u00d6 Landessieger, Bundessieger \u00d6sterreich, sehr gute Platzierungen bei international besetzten Bewerben, usw). Fr\u00fchschoppengem\u00e4\u00df pr\u00e4sentierten wir &#8222;Dreimal schwarzer Kater (Curt Mahr) &#8211; die Akkordeonsolostimme wurde von Martina Wurz bravour\u00f6s interpretiert &#8211; sowie &#8222;Mit Harmonika-Gru\u00df&#8220; (Curt Mahr).<\/p><p>1973 war im \u00fcbrigen nicht nur das Jahr des Beginnes unseres Ensemblelebens, auch Birgit Perl (sie selbst hat&#8217;s verraten) hat in diesem Jahr das Licht der Welt erblickt&#8230;<\/p>\t\t\t\t\t\t\t\t<\/div>\n\t\t\t\t<\/div>\n\t\t\t\t\t<\/div>\n\t\t<\/div>\n\t\t\t\t<div class=\"elementor-column elementor-col-33 elementor-top-column elementor-element elementor-element-a9e7b26\" data-id=\"a9e7b26\" data-element_type=\"column\" data-e-type=\"column\">\n\t\t\t<div class=\"elementor-widget-wrap elementor-element-populated\">\n\t\t\t\t\t\t<div class=\"elementor-element elementor-element-cc96329 elementor-widget elementor-widget-image\" data-id=\"cc96329\" data-element_type=\"widget\" data-e-type=\"widget\" data-widget_type=\"image.default\">\n\t\t\t\t<div class=\"elementor-widget-container\">\n\t\t\t\t\t\t\t\t\t\t\t\t\t\t\t<img loading=\"lazy\" decoding=\"async\" width=\"358\" height=\"141\" src=\"https:\/\/ensemblewieczorek.at\/wp-content\/uploads\/2023\/07\/Logo-Radio-Niederoesterreich.png\" class=\"attachment-large size-large wp-image-416\" alt=\"Radio Nieder\u00f6sterreich\" srcset=\"https:\/\/ensemblewieczorek.at\/wp-content\/uploads\/2023\/07\/Logo-Radio-Niederoesterreich.png 358w, https:\/\/ensemblewieczorek.at\/wp-content\/uploads\/2023\/07\/Logo-Radio-Niederoesterreich-300x118.png 300w\" sizes=\"(max-width: 358px) 100vw, 358px\" \/>\t\t\t\t\t\t\t\t\t\t\t\t\t\t\t<\/div>\n\t\t\t\t<\/div>\n\t\t\t\t\t<\/div>\n\t\t<\/div>\n\t\t\t\t\t<\/div>\n\t\t<\/section>\n\t\t\t\t<section class=\"elementor-section elementor-top-section elementor-element elementor-element-24bedbe elementor-section-boxed elementor-section-height-default elementor-section-height-default\" data-id=\"24bedbe\" data-element_type=\"section\" data-e-type=\"section\">\n\t\t\t\t\t\t<div class=\"elementor-container elementor-column-gap-default\">\n\t\t\t\t\t<div class=\"elementor-column elementor-col-100 elementor-top-column elementor-element elementor-element-bdc1741\" data-id=\"bdc1741\" data-element_type=\"column\" data-e-type=\"column\">\n\t\t\t<div class=\"elementor-widget-wrap elementor-element-populated\">\n\t\t\t\t\t\t<div class=\"elementor-element elementor-element-5216075 elementor-widget elementor-widget-image\" data-id=\"5216075\" data-element_type=\"widget\" data-e-type=\"widget\" data-widget_type=\"image.default\">\n\t\t\t\t<div class=\"elementor-widget-container\">\n\t\t\t\t\t\t\t\t\t\t\t\t\t\t\t<img loading=\"lazy\" decoding=\"async\" width=\"800\" height=\"345\" src=\"https:\/\/ensemblewieczorek.at\/wp-content\/uploads\/2023\/07\/img_6428-1024x442.jpg\" class=\"attachment-large size-large wp-image-414\" alt=\"\" srcset=\"https:\/\/ensemblewieczorek.at\/wp-content\/uploads\/2023\/07\/img_6428-1024x442.jpg 1024w, https:\/\/ensemblewieczorek.at\/wp-content\/uploads\/2023\/07\/img_6428-300x129.jpg 300w, https:\/\/ensemblewieczorek.at\/wp-content\/uploads\/2023\/07\/img_6428-768x331.jpg 768w, https:\/\/ensemblewieczorek.at\/wp-content\/uploads\/2023\/07\/img_6428-1536x662.jpg 1536w, https:\/\/ensemblewieczorek.at\/wp-content\/uploads\/2023\/07\/img_6428-2048x883.jpg 2048w\" sizes=\"(max-width: 800px) 100vw, 800px\" \/>\t\t\t\t\t\t\t\t\t\t\t\t\t\t\t<\/div>\n\t\t\t\t<\/div>\n\t\t\t\t\t<\/div>\n\t\t<\/div>\n\t\t\t\t\t<\/div>\n\t\t<\/section>\n\t\t\t\t<section class=\"elementor-section elementor-top-section elementor-element elementor-element-11fa86f elementor-section-boxed elementor-section-height-default elementor-section-height-default\" data-id=\"11fa86f\" data-element_type=\"section\" data-e-type=\"section\">\n\t\t\t\t\t\t<div class=\"elementor-container elementor-column-gap-default\">\n\t\t\t\t\t<div class=\"elementor-column elementor-col-100 elementor-top-column elementor-element elementor-element-2cc998a\" data-id=\"2cc998a\" data-element_type=\"column\" data-e-type=\"column\">\n\t\t\t<div class=\"elementor-widget-wrap elementor-element-populated\">\n\t\t\t\t\t\t<div class=\"elementor-element elementor-element-18a1408 elementor-widget elementor-widget-image\" data-id=\"18a1408\" data-element_type=\"widget\" data-e-type=\"widget\" data-widget_type=\"image.default\">\n\t\t\t\t<div class=\"elementor-widget-container\">\n\t\t\t\t\t\t\t\t\t\t\t\t\t\t\t<img loading=\"lazy\" decoding=\"async\" width=\"800\" height=\"363\" src=\"https:\/\/ensemblewieczorek.at\/wp-content\/uploads\/2023\/07\/img_6429-1024x465.jpg\" class=\"attachment-large size-large wp-image-415\" alt=\"\" srcset=\"https:\/\/ensemblewieczorek.at\/wp-content\/uploads\/2023\/07\/img_6429-1024x465.jpg 1024w, https:\/\/ensemblewieczorek.at\/wp-content\/uploads\/2023\/07\/img_6429-300x136.jpg 300w, https:\/\/ensemblewieczorek.at\/wp-content\/uploads\/2023\/07\/img_6429-768x349.jpg 768w, https:\/\/ensemblewieczorek.at\/wp-content\/uploads\/2023\/07\/img_6429-1536x698.jpg 1536w, https:\/\/ensemblewieczorek.at\/wp-content\/uploads\/2023\/07\/img_6429-2048x930.jpg 2048w\" sizes=\"(max-width: 800px) 100vw, 800px\" \/>\t\t\t\t\t\t\t\t\t\t\t\t\t\t\t<\/div>\n\t\t\t\t<\/div>\n\t\t\t\t\t<\/div>\n\t\t<\/div>\n\t\t\t\t\t<\/div>\n\t\t<\/section>\n\t\t\t\t<section class=\"elementor-section elementor-top-section elementor-element elementor-element-04bf3d8 elementor-section-boxed elementor-section-height-default elementor-section-height-default\" data-id=\"04bf3d8\" data-element_type=\"section\" data-e-type=\"section\">\n\t\t\t\t\t\t<div class=\"elementor-container elementor-column-gap-default\">\n\t\t\t\t\t<div class=\"elementor-column elementor-col-100 elementor-top-column elementor-element elementor-element-256ca21\" data-id=\"256ca21\" data-element_type=\"column\" data-e-type=\"column\">\n\t\t\t<div class=\"elementor-widget-wrap elementor-element-populated\">\n\t\t\t\t\t\t<div class=\"elementor-element elementor-element-6c92016 elementor-widget-divider--view-line elementor-widget elementor-widget-divider\" data-id=\"6c92016\" data-element_type=\"widget\" data-e-type=\"widget\" data-widget_type=\"divider.default\">\n\t\t\t\t<div class=\"elementor-widget-container\">\n\t\t\t\t\t\t\t<div class=\"elementor-divider\">\n\t\t\t<span class=\"elementor-divider-separator\">\n\t\t\t\t\t\t<\/span>\n\t\t<\/div>\n\t\t\t\t\t\t<\/div>\n\t\t\t\t<\/div>\n\t\t\t\t<section class=\"elementor-section elementor-inner-section elementor-element elementor-element-5917d0d elementor-section-boxed elementor-section-height-default elementor-section-height-default\" data-id=\"5917d0d\" data-element_type=\"section\" data-e-type=\"section\">\n\t\t\t\t\t\t<div class=\"elementor-container elementor-column-gap-default\">\n\t\t\t\t\t<div class=\"elementor-column elementor-col-50 elementor-inner-column elementor-element elementor-element-85cdc88\" data-id=\"85cdc88\" data-element_type=\"column\" data-e-type=\"column\">\n\t\t\t<div class=\"elementor-widget-wrap elementor-element-populated\">\n\t\t\t\t\t\t<div class=\"elementor-element elementor-element-e1fc1cc elementor-widget elementor-widget-image\" data-id=\"e1fc1cc\" data-element_type=\"widget\" data-e-type=\"widget\" data-widget_type=\"image.default\">\n\t\t\t\t<div class=\"elementor-widget-container\">\n\t\t\t\t\t\t\t\t\t\t\t\t<figure class=\"wp-caption\">\n\t\t\t\t\t\t\t\t\t\t\t<a href=\"http:\/\/archiv.daswaldviertel.at\/hefte_digital_71_80\/das_waldviertel_1980_10_11_12_ocr.pdf\" target=\"_blank\" http=\"\">\n\t\t\t\t\t\t\t<img loading=\"lazy\" decoding=\"async\" width=\"768\" height=\"269\" src=\"https:\/\/ensemblewieczorek.at\/wp-content\/uploads\/2025\/08\/Bild-29.08.25-um-21.40-768x269.jpeg\" class=\"attachment-medium_large size-medium_large wp-image-861\" alt=\"\" srcset=\"https:\/\/ensemblewieczorek.at\/wp-content\/uploads\/2025\/08\/Bild-29.08.25-um-21.40-768x269.jpeg 768w, https:\/\/ensemblewieczorek.at\/wp-content\/uploads\/2025\/08\/Bild-29.08.25-um-21.40-300x105.jpeg 300w, https:\/\/ensemblewieczorek.at\/wp-content\/uploads\/2025\/08\/Bild-29.08.25-um-21.40-1024x359.jpeg 1024w, https:\/\/ensemblewieczorek.at\/wp-content\/uploads\/2025\/08\/Bild-29.08.25-um-21.40.jpeg 1272w\" sizes=\"(max-width: 768px) 100vw, 768px\" \/>\t\t\t\t\t\t\t\t<\/a>\n\t\t\t\t\t\t\t\t\t\t\t<figcaption class=\"widget-image-caption wp-caption-text\">-&gt; zum Artikel im \"Das Waldviertel\"<\/figcaption>\n\t\t\t\t\t\t\t\t\t\t<\/figure>\n\t\t\t\t\t\t\t\t\t<\/div>\n\t\t\t\t<\/div>\n\t\t\t\t\t<\/div>\n\t\t<\/div>\n\t\t\t\t<div class=\"elementor-column elementor-col-50 elementor-inner-column elementor-element elementor-element-e5040af\" data-id=\"e5040af\" data-element_type=\"column\" data-e-type=\"column\">\n\t\t\t<div class=\"elementor-widget-wrap elementor-element-populated\">\n\t\t\t\t\t\t<div class=\"elementor-element elementor-element-9f387d8 elementor-widget__width-initial elementor-widget elementor-widget-text-editor\" data-id=\"9f387d8\" data-element_type=\"widget\" data-e-type=\"widget\" data-widget_type=\"text-editor.default\">\n\t\t\t\t<div class=\"elementor-widget-container\">\n\t\t\t\t\t\t\t\t\t<p>Der Waldviertler Heimatbund wurde 1951 in <a title=\"Krems an der Donau\" href=\"https:\/\/de.wikipedia.org\/wiki\/Krems_an_der_Donau\">Krems an der Donau<\/a> gegr\u00fcndet. Als seine Ziele formulierte er die historische Erforschung des Waldviertels und der Wachau, die Veranstaltung von Vortr\u00e4gen, Ausstellungen und Exkursionen zu regionalgeschichtlichen Themen, die Herausgabe einer historischen Zeitschrift und einer Schriftenreihe sowie die Schaffung einer Bibliothek zur Geschichte und Kultur des Waldviertels. Erster Pr\u00e4sident war <a title=\"Heinrich Rauscher (Heimatforscher, 1891)\" href=\"https:\/\/de.wikipedia.org\/wiki\/Heinrich_Rauscher_(Heimatforscher,_1891)\">Heinrich Rauscher<\/a>, Direktor der Lehrerbildungsanstalt Krems. Ihm folgte 1960 der Historiker <a title=\"Walter Pongratz\" href=\"https:\/\/de.wikipedia.org\/wiki\/Walter_Pongratz\">Walter Pongratz<\/a>. Von 1985 bis 2018 war der Historiker <a title=\"Erich Rabl\" href=\"https:\/\/de.wikipedia.org\/wiki\/Erich_Rabl\">Erich Rabl<\/a> Pr\u00e4sident des Waldviertler Heimatbundes.<sup id=\"cite_ref-1\" class=\"reference\"><a href=\"https:\/\/de.wikipedia.org\/wiki\/Waldviertler_Heimatbund#cite_note-1\"><span class=\"cite-bracket\">[<\/span>1<span class=\"cite-bracket\">]<\/span><\/a><\/sup> Ihm folgte <a title=\"Thomas Winkelbauer\" href=\"https:\/\/de.wikipedia.org\/wiki\/Thomas_Winkelbauer\">Thomas Winkelbauer<\/a>. Der Verein hat seinen Sitz in <a title=\"Horn (Nieder\u00f6sterreich)\" href=\"https:\/\/de.wikipedia.org\/wiki\/Horn_(Nieder%C3%B6sterreich)\">Horn<\/a>.<sup id=\"cite_ref-2\" class=\"reference\"><a href=\"https:\/\/de.wikipedia.org\/wiki\/Waldviertler_Heimatbund#cite_note-2\"><span class=\"cite-bracket\">[<\/span>2<span class=\"cite-bracket\">]<\/span><\/a><\/sup><\/p>\t\t\t\t\t\t\t\t<\/div>\n\t\t\t\t<\/div>\n\t\t\t\t\t<\/div>\n\t\t<\/div>\n\t\t\t\t\t<\/div>\n\t\t<\/section>\n\t\t\t\t<div class=\"elementor-element elementor-element-80f24f3 elementor-widget elementor-widget-text-editor\" data-id=\"80f24f3\" data-element_type=\"widget\" data-e-type=\"widget\" data-widget_type=\"text-editor.default\">\n\t\t\t\t<div class=\"elementor-widget-container\">\n\t\t\t\t\t\t\t\t\t<p>WAIDHOFEN AN DER THAYA<br \/>750j\u00e4hriges Stadtjubil\u00e4um<br \/>Die Bezirksstadt Waidhofen an der Thaya feieIite am Sonntag, dem 22. Juni<br \/>1980, in einem Festakt das 75Oj\u00e4hrige Stadtjubil\u00e4um. Aus diesem Anla\u00df konnte<br \/>sie nicht nur hohe und h\u00f6chste Pers\u00f6nlichkeiten des Staates und des Landes<br \/>in ihren Mauern beherbergen, sondern auch unz\u00e4hlige alte Bekannte und<br \/>Freunde des Waldviertels konnten sich nach oft langen Jahren wieder einmal<br \/>in der Heimat treffen. Waidhofen hatte zu dieser Feierlichkeit ein wahrhaft<br \/>festliches Aussehen. In der Stadt hatten in den letzten Wochen fieberhafte<br \/>Vorbereitungsarbeiten geherrscht. Rathaus und H\u00e4user wurden mit Fahnen<br \/>geschm\u00fcckt, Hausfassaden gef\u00e4rbelt und instandgesetzt. Die Schaufenster der<br \/>Gesch\u00e4ftslokale wurden aus Anla\u00df des Stadtjubil\u00e4ums und des damit verbun-<br \/>denen Auslagenwettbewerbs entsprechend gestaltet. Am Hauptplatz wurde<br \/>eine gro\u00dfe Trib\u00fcne errichtet. Der Besuch des Staatsoberhauptes, Bundespr\u00e4si-<br \/>dent Dr. Kirchschl\u00e4ger, sollte ein gro\u00dfes Ereignis werden.<\/p><p>Zitat von Seite 88:<\/p><p>Das Akkordeon-Ensemble der Musikschule Waidhofen, unter der Leitung<br \/>voh Franz Wieczorek f\u00fcgte sich w\u00fcrdig in den Rahmen dieser Veranstaltung.<br \/>In ausgefeiltem Vortrag und ausgezeichneter Spieltechnik mit Werken von<br \/>Rixner, W\u00fcrthner, Hauswirth und Schittenhelm f\u00fcgte es sich harmonisch in<br \/>das dargebotene Programm des Abends.\u00a0<\/p><p>\u00a0<\/p>\t\t\t\t\t\t\t\t<\/div>\n\t\t\t\t<\/div>\n\t\t\t\t<div class=\"elementor-element elementor-element-4ac5221 elementor-widget-divider--view-line_icon elementor-view-default elementor-widget-divider--element-align-center elementor-widget elementor-widget-divider\" data-id=\"4ac5221\" data-element_type=\"widget\" data-e-type=\"widget\" data-widget_type=\"divider.default\">\n\t\t\t\t<div class=\"elementor-widget-container\">\n\t\t\t\t\t\t\t<div class=\"elementor-divider\">\n\t\t\t<span class=\"elementor-divider-separator\">\n\t\t\t\t\t\t\t<div class=\"elementor-icon elementor-divider__element\">\n\t\t\t\t\t<i aria-hidden=\"true\" class=\"fas fa-star\"><\/i><\/div>\n\t\t\t\t\t\t<\/span>\n\t\t<\/div>\n\t\t\t\t\t\t<\/div>\n\t\t\t\t<\/div>\n\t\t\t\t\t<\/div>\n\t\t<\/div>\n\t\t\t\t\t<\/div>\n\t\t<\/section>\n\t\t\t\t<\/div>\n\t\t","protected":false},"excerpt":{"rendered":"<p>Berichte, Chronik, Presse Seine Musikerkollegen bleiben mit Franz Wieczorek verbunden. Dies wurde im Konzert im Stadtsaal deutlich vor Augen gef\u00fchrt Zu einer musikalischen Hommage an den im J\u00e4nner dieses Jahres verstorbenen Franz Wieczorek luden die Mitglieder des \u201eEnsemble Wieczorek\u201c am 15. November in den Stadtsaal. Roman Honauer regte dies anl\u00e4sslich eines Requiems an, das die [&hellip;]<\/p>\n","protected":false},"author":1,"featured_media":0,"parent":0,"menu_order":0,"comment_status":"closed","ping_status":"closed","template":"","meta":{"footnotes":""},"class_list":["post-141","page","type-page","status-publish","hentry"],"_links":{"self":[{"href":"https:\/\/ensemblewieczorek.at\/index.php?rest_route=\/wp\/v2\/pages\/141","targetHints":{"allow":["GET"]}}],"collection":[{"href":"https:\/\/ensemblewieczorek.at\/index.php?rest_route=\/wp\/v2\/pages"}],"about":[{"href":"https:\/\/ensemblewieczorek.at\/index.php?rest_route=\/wp\/v2\/types\/page"}],"author":[{"embeddable":true,"href":"https:\/\/ensemblewieczorek.at\/index.php?rest_route=\/wp\/v2\/users\/1"}],"replies":[{"embeddable":true,"href":"https:\/\/ensemblewieczorek.at\/index.php?rest_route=%2Fwp%2Fv2%2Fcomments&post=141"}],"version-history":[{"count":100,"href":"https:\/\/ensemblewieczorek.at\/index.php?rest_route=\/wp\/v2\/pages\/141\/revisions"}],"predecessor-version":[{"id":1071,"href":"https:\/\/ensemblewieczorek.at\/index.php?rest_route=\/wp\/v2\/pages\/141\/revisions\/1071"}],"wp:attachment":[{"href":"https:\/\/ensemblewieczorek.at\/index.php?rest_route=%2Fwp%2Fv2%2Fmedia&parent=141"}],"curies":[{"name":"wp","href":"https:\/\/api.w.org\/{rel}","templated":true}]}}